{"id":13,"date":"2021-08-12T12:04:05","date_gmt":"2021-08-12T10:04:05","guid":{"rendered":"https:\/\/inicio.bgimeno.com\/?page_id=13"},"modified":"2026-02-03T18:27:16","modified_gmt":"2026-02-03T17:27:16","slug":"anake-coaching-mindfulness-en-motril","status":"publish","type":"page","link":"https:\/\/www.anake.es\/en\/","title":{"rendered":"Inicio"},"content":{"rendered":"<p>[et_pb_section fb_built=&#8221;1&#8243; custom_padding_last_edited=&#8221;on|phone&#8221; _builder_version=&#8221;4.17.4&#8243; _module_preset=&#8221;default&#8221; background_image=&#8221;https:\/\/www.anake.es\/wp-content\/uploads\/2022\/03\/header2.jpg&#8221; custom_padding=&#8221;223px||223px||true|&#8221; custom_padding_tablet=&#8221;200px||200px||true|false&#8221; custom_padding_phone=&#8221;5px||5px||true|false&#8221; global_colors_info=&#8221;{}&#8221;][et_pb_row column_structure=&#8221;2_5,3_5&#8243; custom_padding_last_edited=&#8221;on|phone&#8221; _builder_version=&#8221;4.17.4&#8243; _module_preset=&#8221;default&#8221; custom_padding_tablet=&#8221;&#8221; custom_padding_phone=&#8221;0px||10px||false|false&#8221; global_colors_info=&#8221;{}&#8221;][et_pb_column type=&#8221;2_5&#8243; _builder_version=&#8221;4.16&#8243; _module_preset=&#8221;default&#8221; global_colors_info=&#8221;{}&#8221;][\/et_pb_column][et_pb_column type=&#8221;3_5&#8243; _builder_version=&#8221;4.16&#8243; _module_preset=&#8221;default&#8221; global_colors_info=&#8221;{}&#8221;][et_pb_text disabled_on=&#8221;off|off|off&#8221; _builder_version=&#8221;4.27.4&#8243; _module_preset=&#8221;default&#8221; text_text_color=&#8221;RGBA(255,255,255,0)&#8221; header_font=&#8221;Overlock||||||||&#8221; header_text_color=&#8221;#FFFFFF&#8221; header_font_size=&#8221;45px&#8221; custom_margin=&#8221;||1px||false|false&#8221; hover_enabled=&#8221;0&#8243; custom_css_free_form=&#8221;\/* Enlace para saltar al contenido principal (skip link) *\/||body.et_divi_theme .skip-link {||  position: absolute;||  left: -9999px;||  top: 0;||  z-index: 10000;||  background: #000;||  color: #fff;||  padding: 8px 12px;||  font-size: 0.95rem;||  text-decoration: none;||}||||\/* Cuando recibe foco (tabulador), se muestra *\/||body.et_divi_theme .skip-link:focus,||body.et_divi_theme .skip-link:active {||  left: 8px;||  top: 8px;||}||&#8221; global_colors_info=&#8221;{}&#8221; sticky_enabled=&#8221;0&#8243;]<\/p>\n<p><!-- Enlace para saltar al contenido principal --><br \/><a href=\"#main-content\" class=\"skip-link\">Saltar al contenido principal<\/a><\/p>\n<p>[\/et_pb_text][et_pb_text _builder_version=&#8221;4.27.4&#8243; _module_preset=&#8221;default&#8221; header_font=&#8221;Overlock||||||||&#8221; header_text_color=&#8221;#FFFFFF&#8221; header_font_size=&#8221;45px&#8221; custom_margin=&#8221;||10px||false|false&#8221; global_colors_info=&#8221;{}&#8221;]<\/p>\n<h1><strong>Desarrollo personal y organizacional en la Costa Tropical de Granada<\/strong><\/h1>\n<p>[\/et_pb_text][et_pb_text _builder_version=&#8221;4.17.4&#8243; _module_preset=&#8221;default&#8221; text_font=&#8221;News Cycle||||||||&#8221; text_text_color=&#8221;#FFFFFF&#8221; text_font_size=&#8221;25px&#8221; text_line_height=&#8221;1.3em&#8221; max_width=&#8221;534px&#8221; global_colors_info=&#8221;{}&#8221;]<\/p>\n<p>Te acompa\u00f1amos a alcanzar la armon\u00eda, el equilibrio y el prop\u00f3sito que deseas en tu vida.<\/p>\n<p>[\/et_pb_text][et_pb_button button_url=&#8221;https:\/\/www.anake.es\/contacto\/&#8221; button_text=&#8221;Agenda una sesi\u00f3n&#8221; button_alignment=&#8221;left&#8221; _builder_version=&#8221;4.27.4&#8243; _module_preset=&#8221;default&#8221; custom_button=&#8221;on&#8221; button_text_size=&#8221;18px&#8221; button_text_color=&#8221;#FFFFFF&#8221; button_bg_color=&#8221;#57becd&#8221; button_border_width=&#8221;0px&#8221; button_border_radius=&#8221;20px&#8221; button_letter_spacing=&#8221;1px&#8221; button_font=&#8221;News Cycle|||on|||||&#8221; button_use_icon=&#8221;off&#8221; custom_padding=&#8221;1%|5%|1%|5%|true|true&#8221; global_colors_info=&#8221;{}&#8221; button_bg_color__hover=&#8221;#b1d8db&#8221; button_bg_color__hover_enabled=&#8221;on|hover&#8221;][\/et_pb_button][\/et_pb_column][\/et_pb_row][\/et_pb_section][et_pb_section fb_built=&#8221;1&#8243; admin_label=&#8221;Secci\u00f3n&#8221; _builder_version=&#8221;4.17.4&#8243; _module_preset=&#8221;default&#8221; custom_padding=&#8221;89px||89px||true|&#8221; global_colors_info=&#8221;{}&#8221;][et_pb_row _builder_version=&#8221;4.16&#8243; _module_preset=&#8221;default&#8221; width=&#8221;90%&#8221; max_width=&#8221;900px&#8221; global_colors_info=&#8221;{}&#8221;][et_pb_column type=&#8221;4_4&#8243; _builder_version=&#8221;4.16&#8243; _module_preset=&#8221;default&#8221; global_colors_info=&#8221;{}&#8221;][et_pb_text _builder_version=&#8221;4.17.4&#8243; _module_preset=&#8221;default&#8221; header_2_font=&#8221;Overlock||||||||&#8221; header_2_text_color=&#8221;#389abe&#8221; header_2_font_size=&#8221;40px&#8221; header_2_line_height=&#8221;1.3em&#8221; max_width=&#8221;900px&#8221; module_alignment=&#8221;center&#8221; global_colors_info=&#8221;{}&#8221;]<\/p>\n<h2 style=\"text-align: center;\"><strong>AnaKe es un espacio de Coaching y Mindfulness para personas y empresas en la zona de Granada<\/strong><\/h2>\n<p>[\/et_pb_text][\/et_pb_column][\/et_pb_row][et_pb_row _builder_version=&#8221;4.16&#8243; _module_preset=&#8221;default&#8221; global_colors_info=&#8221;{}&#8221;][et_pb_column type=&#8221;4_4&#8243; _builder_version=&#8221;4.16&#8243; _module_preset=&#8221;default&#8221; global_colors_info=&#8221;{}&#8221;][et_pb_blurb title=&#8221;NUESTRA FILOSOF\u00cdA&#8221; content_max_width=&#8221;700px&#8221; _builder_version=&#8221;4.17.4&#8243; _module_preset=&#8221;default&#8221; header_level=&#8221;h3&#8243; header_text_color=&#8221;#389abe&#8221; header_letter_spacing=&#8221;1px&#8221; body_font=&#8221;News Cycle||||||||&#8221; body_text_align=&#8221;center&#8221; body_text_color=&#8221;#000000&#8243; body_font_size=&#8221;22px&#8221; body_line_height=&#8221;1.3em&#8221; animation_style=&#8221;fade&#8221; custom_css_blurb_title=&#8221;writing-mode: vertical-lr;||transform: rotate(180deg);||margin-left:-100px;||margin-top:0px;||margin-bottom: -175px;&#8221; global_colors_info=&#8221;{}&#8221;]<\/p>\n<p>Creemos que las personas y empresas conscientes de su identidad y valores tienen el poder de crear soluciones nuevas, expandir su potencial y alcanzar resultados sostenibles.<br data-start=\"1652\" data-end=\"1655\" \/>En AnaKe trabajamos con <strong data-start=\"1679\" data-end=\"1714\">coaching personal y empresarial<\/strong>, <strong data-start=\"1716\" data-end=\"1731\">mindfulness<\/strong> y <strong data-start=\"1734\" data-end=\"1771\">programas de desarrollo emocional<\/strong>, dise\u00f1ados para acompa\u00f1arte en tu proceso de evoluci\u00f3n personal y profesional.<\/p>\n<p data-start=\"822\" data-end=\"1076\">AnaKe es un espacio de crecimiento y transformaci\u00f3n ubicado en Motril, en el coraz\u00f3n de la Costa Tropical.<br data-start=\"1167\" data-end=\"1170\" \/>Acompa\u00f1amos a personas y organizaciones de la Axarqu\u00eda y la Costa del Sol a desarrollar su m\u00e1ximo potencial, a trav\u00e9s del <strong data-start=\"1292\" data-end=\"1304\">coaching<\/strong>, el <strong data-start=\"1309\" data-end=\"1324\">mindfulness<\/strong> y la <strong data-start=\"1330\" data-end=\"1356\">inteligencia emocional<\/strong>.<br data-start=\"1357\" data-end=\"1360\" \/>Nuestro prop\u00f3sito es ayudarte a vivir con m\u00e1s claridad, calma y sentido.<\/p>\n<p>[\/et_pb_blurb][et_pb_button button_url=&#8221;https:\/\/www.anake.es\/contacto\/&#8221; button_text=&#8221;Reserva tu sesi\u00f3n&#8221; button_alignment=&#8221;center&#8221; _builder_version=&#8221;4.17.4&#8243; _module_preset=&#8221;default&#8221; custom_button=&#8221;on&#8221; button_text_size=&#8221;18px&#8221; button_text_color=&#8221;#FFFFFF&#8221; button_bg_color=&#8221;#57becd&#8221; button_border_width=&#8221;0px&#8221; button_border_radius=&#8221;20px&#8221; button_letter_spacing=&#8221;1px&#8221; button_font=&#8221;News Cycle|||on|||||&#8221; button_use_icon=&#8221;off&#8221; custom_padding=&#8221;1%|5%|1%|5%|true|true&#8221; global_colors_info=&#8221;{}&#8221; button_bg_color__hover=&#8221;#b1d8db&#8221; button_bg_color__hover_enabled=&#8221;on|hover&#8221;][\/et_pb_button][\/et_pb_column][\/et_pb_row][\/et_pb_section][et_pb_section fb_built=&#8221;1&#8243; _builder_version=&#8221;4.16&#8243; _module_preset=&#8221;default&#8221; custom_padding=&#8221;0px||||false|false&#8221; global_colors_info=&#8221;{}&#8221;][et_pb_row column_structure=&#8221;1_2,1_2&#8243; use_custom_gutter=&#8221;on&#8221; gutter_width=&#8221;2&#8243; make_equal=&#8221;on&#8221; _builder_version=&#8221;4.16&#8243; _module_preset=&#8221;default&#8221; width=&#8221;100%&#8221; max_width=&#8221;100%&#8221; custom_padding=&#8221;0px||0px||true|false&#8221; global_colors_info=&#8221;{}&#8221;][et_pb_column type=&#8221;1_2&#8243; _builder_version=&#8221;4.16&#8243; _module_preset=&#8221;default&#8221; background_enable_image=&#8221;off&#8221; global_colors_info=&#8221;{}&#8221;][et_pb_image src=&#8221;https:\/\/www.anake.es\/wp-content\/uploads\/2022\/03\/anake.jpg&#8221; title_text=&#8221;anake&#8221; _builder_version=&#8221;4.16&#8243; _module_preset=&#8221;default&#8221; animation_style=&#8221;slide&#8221; animation_direction=&#8221;left&#8221; global_colors_info=&#8221;{}&#8221;][\/et_pb_image][\/et_pb_column][et_pb_column type=&#8221;1_2&#8243; _builder_version=&#8221;4.16&#8243; _module_preset=&#8221;default&#8221; custom_padding=&#8221;20px||20px||true|false&#8221; custom_css_main_element=&#8221;display: flex;||flex-direction: column;||justify-content: center;||&#8221; global_colors_info=&#8221;{}&#8221;][et_pb_text _builder_version=&#8221;4.17.4&#8243; _module_preset=&#8221;default&#8221; header_2_font=&#8221;Overlock||||||||&#8221; header_2_text_color=&#8221;#389abe&#8221; header_2_font_size=&#8221;40px&#8221; header_2_line_height=&#8221;1.3em&#8221; custom_margin_tablet=&#8221;|2%||2%|false|true&#8221; custom_margin_phone=&#8221;|2%||2%|false|true&#8221; custom_margin_last_edited=&#8221;on|phone&#8221; global_colors_info=&#8221;{}&#8221;]<\/p>\n<h2><strong>C\u00f3mo nace AnaKe y qu\u00e9 significa.<\/strong><\/h2>\n<p>[\/et_pb_text][et_pb_text _builder_version=&#8221;4.17.4&#8243; _module_preset=&#8221;default&#8221; text_font=&#8221;News Cycle||||||||&#8221; text_text_color=&#8221;#000000&#8243; text_font_size=&#8221;20px&#8221; text_line_height=&#8221;1.3em&#8221; max_width=&#8221;550px&#8221; custom_margin_tablet=&#8221;|2%||2%|false|true&#8221; custom_margin_phone=&#8221;|2%||2%|false|true&#8221; custom_margin_last_edited=&#8221;on|tablet&#8221; global_colors_info=&#8221;{}&#8221;]<\/p>\n<p data-start=\"1872\" data-end=\"2203\">AnaKe nace en Motril en un momento de cambio y conexi\u00f3n profunda con el prop\u00f3sito de acompa\u00f1ar a otros en su propio proceso de transformaci\u00f3n.<br data-start=\"2052\" data-end=\"2055\" \/>El nombre \u201cAnake\u201d, de origen maor\u00ed, significa <strong data-start=\"2101\" data-end=\"2112\">\u201c\u00danico\u201d<\/strong>, record\u00e1ndonos que cada persona es especial y tiene un camino propio hacia el bienestar.<\/p>\n<p data-start=\"2205\" data-end=\"2265\">Cada letra representa un valor que define nuestro enfoque:<\/p>\n<p>[\/et_pb_text][\/et_pb_column][\/et_pb_row][et_pb_row _builder_version=&#8221;4.16&#8243; _module_preset=&#8221;default&#8221; custom_padding=&#8221;67px|||||&#8221; global_colors_info=&#8221;{}&#8221;][et_pb_column type=&#8221;4_4&#8243; _builder_version=&#8221;4.16&#8243; _module_preset=&#8221;default&#8221; global_colors_info=&#8221;{}&#8221;][et_pb_text _builder_version=&#8221;4.17.4&#8243; _module_preset=&#8221;default&#8221; text_font=&#8221;News Cycle||||||||&#8221; text_text_color=&#8221;#000000&#8243; text_font_size=&#8221;20px&#8221; text_line_height=&#8221;1.3em&#8221; max_width=&#8221;762px&#8221; module_alignment=&#8221;center&#8221; inline_fonts=&#8221;Overlock&#8221; global_colors_info=&#8221;{}&#8221;]<\/p>\n<p><span style=\"font-weight: 400;\"><span style=\"color: #389abe; font-size: 70px; font-family: Overlock; font-weight: normal;\"><strong>A<\/strong><\/span>\u00a0\u2013 Amor, energ\u00eda que mueve el mundo.<\/span><\/p>\n<p><span style=\"font-weight: 400;\"><span style=\"color: #389abe; font-size: 70px; font-family: Overlock; font-weight: normal;\"><strong>N<\/strong><\/span>\u2013 Norte, el rumbo hacia tus metas y sue\u00f1os.<\/span><\/p>\n<p><span style=\"font-weight: 400;\"><span style=\"color: #389abe; font-size: 70px; font-family: Overlock; font-weight: normal;\"><strong>A<\/strong><\/span>\u00a0\u2013 Aqu\u00ed y ahora, la atenci\u00f3n plena del mindfulness.<\/span><\/p>\n<p><span style=\"font-weight: 400;\"><span style=\"color: #389abe; font-size: 70px; font-family: Overlock; font-weight: normal;\"><strong>K<\/strong><\/span><\/span>\u00a0\u2013 Kaizen, mejora continua.<\/p>\n<p><span style=\"font-weight: 400;\"><span style=\"color: #389abe; font-size: 70px; font-family: Overlock; font-weight: normal;\"><strong>E<\/strong><\/span><\/span>\u00a0\u2013 Emoci\u00f3n, lo que nos impulsa a vivir con sentido.<\/p>\n<p>[\/et_pb_text][\/et_pb_column][\/et_pb_row][\/et_pb_section][et_pb_section fb_built=&#8221;1&#8243; _builder_version=&#8221;4.16&#8243; _module_preset=&#8221;default&#8221; background_color=&#8221;#389abe&#8221; global_colors_info=&#8221;{}&#8221;][et_pb_row _builder_version=&#8221;4.16&#8243; _module_preset=&#8221;default&#8221; width=&#8221;90%&#8221; max_width=&#8221;1001px&#8221; module_alignment=&#8221;center&#8221; custom_margin=&#8221;8px|auto|8px|auto|true|false&#8221; global_colors_info=&#8221;{}&#8221;][et_pb_column type=&#8221;4_4&#8243; _builder_version=&#8221;4.16&#8243; _module_preset=&#8221;default&#8221; global_colors_info=&#8221;{}&#8221;][et_pb_text _builder_version=&#8221;4.16&#8243; _module_preset=&#8221;default&#8221; text_font=&#8221;News Cycle||||||||&#8221; text_text_color=&#8221;#FFFFFF&#8221; text_font_size=&#8221;22px&#8221; text_line_height=&#8221;1.3em&#8221; header_2_text_color=&#8221;#FFFFFF&#8221; text_orientation=&#8221;center&#8221; module_alignment=&#8221;center&#8221; global_colors_info=&#8221;{}&#8221;]<\/p>\n<p style=\"text-align: center;\"><span style=\"font-weight: 400;\">Esa espiral que aparece en la primera letra, es el fluir. El fluir hacia fuera, con todo lo que me rodea, y el fluir hacia dentro, ese fluir conmigo misma.<\/span><\/p>\n<p style=\"text-align: center;\"><span style=\"font-weight: 400;\">El fondo sobre el que aparece Anake, un azul intenso con matices, es el Mediterr\u00e1neo, la transparencia, la calma, la serenidad; pero tambi\u00e9n la bravura y la fuerza.<\/span><\/p>\n<p style=\"text-align: center;\"><span style=\"font-weight: 400;\"><\/span><\/p>\n<h2 style=\"text-align: center;\"><strong>Todo eso es Anake. Todo eso soy yo.<\/strong><\/h2>\n<p>[\/et_pb_text][\/et_pb_column][\/et_pb_row][\/et_pb_section][et_pb_section fb_built=&#8221;1&#8243; _builder_version=&#8221;4.16&#8243; _module_preset=&#8221;default&#8221; background_color=&#8221;#fcf9f5&#8243; background_enable_image=&#8221;off&#8221; global_colors_info=&#8221;{}&#8221;][et_pb_row column_structure=&#8221;1_2,1_2&#8243; use_custom_gutter=&#8221;on&#8221; gutter_width=&#8221;2&#8243; make_equal=&#8221;on&#8221; _builder_version=&#8221;4.17.4&#8243; _module_preset=&#8221;default&#8221; width=&#8221;100%&#8221; max_width=&#8221;100%&#8221; global_colors_info=&#8221;{}&#8221;][et_pb_column type=&#8221;1_2&#8243; _builder_version=&#8221;4.17.4&#8243; _module_preset=&#8221;default&#8221; custom_padding=&#8221;|||18%|false|false&#8221; custom_padding_tablet=&#8221;|||10%|false|false&#8221; custom_padding_phone=&#8221;|10%||10%|false|true&#8221; custom_padding_last_edited=&#8221;on|tablet&#8221; custom_css_main_element=&#8221;display: flex;||flex-direction: column;||justify-content: center;&#8221; global_colors_info=&#8221;{}&#8221;][et_pb_text _builder_version=&#8221;4.17.4&#8243; _module_preset=&#8221;default&#8221; header_2_font=&#8221;Overlock||||||||&#8221; header_2_text_color=&#8221;#389abe&#8221; header_2_font_size=&#8221;40px&#8221; header_2_line_height=&#8221;1.3em&#8221; custom_margin_tablet=&#8221;|2%||2%|false|true&#8221; custom_margin_phone=&#8221;|2%||2%|false|true&#8221; custom_margin_last_edited=&#8221;on|phone&#8221; global_colors_info=&#8221;{}&#8221;]<\/p>\n<h2><strong>Concha Porras Coach de Mindfulness en Motril<\/strong><\/h2>\n<p>[\/et_pb_text][et_pb_text _builder_version=&#8221;4.17.4&#8243; _module_preset=&#8221;default&#8221; text_font=&#8221;News Cycle||||||||&#8221; text_text_color=&#8221;#000000&#8243; text_font_size=&#8221;22px&#8221; text_line_height=&#8221;1.3em&#8221; max_width=&#8221;550px&#8221; locked=&#8221;off&#8221; global_colors_info=&#8221;{}&#8221;]<\/p>\n<p>Soy <strong data-start=\"2847\" data-end=\"2889\">coach personal, ejecutivo y de equipos<\/strong>, facilitadora en <strong data-start=\"2907\" data-end=\"2922\">Mindfulness<\/strong> e <strong data-start=\"2925\" data-end=\"2951\">Inteligencia Emocional<\/strong>, y educadora social.<\/p>\n<p>Creo profundamente en las personas, en su capacidad de transformaci\u00f3n y en el poder de vivir con coherencia entre pensamiento, emoci\u00f3n y acci\u00f3n.<\/p>\n<p>Acompa\u00f1o a personas, l\u00edderes y organizaciones en la Costa Tropical, la Axarqu\u00eda y la Costa del Sol para que logren sus objetivos desde la conciencia y el equilibrio.<\/p>\n<p>[\/et_pb_text][et_pb_button button_url=&#8221;https:\/\/www.anake.es\/sobre-mi\/&#8221; button_text=&#8221;Saber m\u00e1s sobre m\u00ed&#8221; _builder_version=&#8221;4.17.4&#8243; _module_preset=&#8221;default&#8221; custom_button=&#8221;on&#8221; button_text_size=&#8221;18px&#8221; button_text_color=&#8221;#FFFFFF&#8221; button_bg_color=&#8221;#57becd&#8221; button_border_width=&#8221;0px&#8221; button_border_radius=&#8221;20px&#8221; button_letter_spacing=&#8221;1px&#8221; button_font=&#8221;News Cycle|||on|||||&#8221; button_use_icon=&#8221;off&#8221; custom_padding=&#8221;1%|5%|1%|5%|true|true&#8221; global_colors_info=&#8221;{}&#8221; button_bg_color__hover_enabled=&#8221;on|hover&#8221; button_bg_color__hover=&#8221;#b1d8db&#8221; button_bg_enable_color__hover=&#8221;on&#8221;][\/et_pb_button][\/et_pb_column][et_pb_column type=&#8221;1_2&#8243; _builder_version=&#8221;4.16&#8243; _module_preset=&#8221;default&#8221; global_colors_info=&#8221;{}&#8221;][et_pb_image src=&#8221;https:\/\/www.anake.es\/wp-content\/uploads\/2022\/03\/concha_hor2.jpg&#8221; title_text=&#8221;concha_hor2&#8243; _builder_version=&#8221;4.16&#8243; _module_preset=&#8221;default&#8221; global_colors_info=&#8221;{}&#8221;][\/et_pb_image][\/et_pb_column][\/et_pb_row][\/et_pb_section][et_pb_section fb_built=&#8221;1&#8243; module_id=&#8221;main-content&#8221; module_class=&#8221;main-content&#8221; _builder_version=&#8221;4.27.4&#8243; _module_preset=&#8221;default&#8221; background_color=&#8221;#fcf9f5&#8243; hover_enabled=&#8221;0&#8243; locked=&#8221;off&#8221; global_colors_info=&#8221;{}&#8221; sticky_enabled=&#8221;0&#8243;][et_pb_row _builder_version=&#8221;4.16&#8243; _module_preset=&#8221;default&#8221; global_colors_info=&#8221;{}&#8221;][et_pb_column type=&#8221;4_4&#8243; _builder_version=&#8221;4.16&#8243; _module_preset=&#8221;default&#8221; global_colors_info=&#8221;{}&#8221;][et_pb_text _builder_version=&#8221;4.17.4&#8243; _module_preset=&#8221;default&#8221; header_2_font=&#8221;Overlock||||||||&#8221; header_2_text_align=&#8221;center&#8221; header_2_text_color=&#8221;#389abe&#8221; header_2_font_size=&#8221;50px&#8221; header_2_line_height=&#8221;1.3em&#8221; custom_margin=&#8221;||0px||false|false&#8221; global_colors_info=&#8221;{}&#8221;]<\/p>\n<h2><strong>Servicios de Coaching y Mindfulness en Granada<\/strong><\/h2>\n<p>[\/et_pb_text][et_pb_text _builder_version=&#8221;4.16&#8243; _module_preset=&#8221;default&#8221; text_font=&#8221;News Cycle||||||||&#8221; text_text_color=&#8221;#389abe&#8221; text_font_size=&#8221;22px&#8221; text_line_height=&#8221;1.3em&#8221; text_orientation=&#8221;center&#8221; max_width=&#8221;725px&#8221; module_alignment=&#8221;center&#8221; global_colors_info=&#8221;{}&#8221;]<\/p>\n<p><span>Descubre la variedad de servicios que podemos ofrecer para ti y para los tuyos.<\/span><\/p>\n<p>[\/et_pb_text][\/et_pb_column][\/et_pb_row][et_pb_row column_structure=&#8221;1_4,1_4,1_4,1_4&#8243; _builder_version=&#8221;4.16&#8243; _module_preset=&#8221;default&#8221; width=&#8221;90%&#8221; module_alignment=&#8221;center&#8221; custom_margin=&#8221;8px|auto|8px|auto|true|false&#8221; global_colors_info=&#8221;{}&#8221;][et_pb_column type=&#8221;1_4&#8243; _builder_version=&#8221;4.16&#8243; _module_preset=&#8221;default&#8221; global_colors_info=&#8221;{}&#8221;][et_pb_blurb title=&#8221;Coaching Personal y Ejecutivo&#8221; use_icon=&#8221;on&#8221; font_icon=&#8221;&#xe01c;||divi||400&#8243; icon_color=&#8221;#FFFFFF&#8221; image_icon_background_color=&#8221;#389abe&#8221; image_icon_width=&#8221;40px&#8221; _builder_version=&#8221;4.17.4&#8243; _module_preset=&#8221;default&#8221; header_level=&#8221;h3&#8243; header_font=&#8221;Overlock|700|||||||&#8221; header_text_align=&#8221;center&#8221; header_text_color=&#8221;#389abe&#8221; header_font_size=&#8221;29px&#8221; body_font=&#8221;News Cycle||||||||&#8221; body_text_align=&#8221;center&#8221; body_text_color=&#8221;#57becd&#8221; body_font_size=&#8221;20px&#8221; body_line_height=&#8221;1.3em&#8221; border_radii_image=&#8221;on|50px|50px|50px|50px&#8221; border_width_all_image=&#8221;17px&#8221; border_color_all_image=&#8221;#389abe&#8221; icon_font_size=&#8221;40px&#8221; global_colors_info=&#8221;{}&#8221;][\/et_pb_blurb][\/et_pb_column][et_pb_column type=&#8221;1_4&#8243; _builder_version=&#8221;4.16&#8243; _module_preset=&#8221;default&#8221; global_colors_info=&#8221;{}&#8221;][et_pb_blurb title=&#8221;Mindfulness para la vida y la empresa&#8221; use_icon=&#8221;on&#8221; font_icon=&#8221;&#xf5bb;||fa||900&#8243; icon_color=&#8221;#FFFFFF&#8221; image_icon_background_color=&#8221;#389abe&#8221; image_icon_width=&#8221;40px&#8221; _builder_version=&#8221;4.16&#8243; _module_preset=&#8221;default&#8221; header_level=&#8221;h3&#8243; header_font=&#8221;Overlock|700|||||||&#8221; header_text_align=&#8221;center&#8221; header_text_color=&#8221;#389abe&#8221; header_font_size=&#8221;29px&#8221; body_font=&#8221;News Cycle||||||||&#8221; body_text_align=&#8221;center&#8221; body_text_color=&#8221;#57becd&#8221; body_font_size=&#8221;20px&#8221; body_line_height=&#8221;1.3em&#8221; border_radii_image=&#8221;on|50px|50px|50px|50px&#8221; border_width_all_image=&#8221;17px&#8221; border_color_all_image=&#8221;#389abe&#8221; icon_font_size=&#8221;40px&#8221; global_colors_info=&#8221;{}&#8221;][\/et_pb_blurb][\/et_pb_column][et_pb_column type=&#8221;1_4&#8243; _builder_version=&#8221;4.16&#8243; _module_preset=&#8221;default&#8221; global_colors_info=&#8221;{}&#8221;][et_pb_blurb title=&#8221;Formaci\u00f3n en Inteligencia Emocional&#8221; use_icon=&#8221;on&#8221; font_icon=&#8221;&#xf19d;||fa||900&#8243; icon_color=&#8221;#FFFFFF&#8221; image_icon_background_color=&#8221;#389abe&#8221; image_icon_width=&#8221;40px&#8221; _builder_version=&#8221;4.16&#8243; _module_preset=&#8221;default&#8221; header_level=&#8221;h3&#8243; header_font=&#8221;Overlock|700|||||||&#8221; header_text_align=&#8221;center&#8221; header_text_color=&#8221;#389abe&#8221; header_font_size=&#8221;29px&#8221; body_font=&#8221;News Cycle||||||||&#8221; body_text_align=&#8221;center&#8221; body_text_color=&#8221;#57becd&#8221; body_font_size=&#8221;20px&#8221; body_line_height=&#8221;1.3em&#8221; border_radii_image=&#8221;on|50px|50px|50px|50px&#8221; border_width_all_image=&#8221;17px&#8221; border_color_all_image=&#8221;#389abe&#8221; icon_font_size=&#8221;40px&#8221; global_colors_info=&#8221;{}&#8221;][\/et_pb_blurb][\/et_pb_column][et_pb_column type=&#8221;1_4&#8243; _builder_version=&#8221;4.16&#8243; _module_preset=&#8221;default&#8221; global_colors_info=&#8221;{}&#8221;][et_pb_blurb title=&#8221;Teambuilding y Coaching de Equipos&#8221; use_icon=&#8221;on&#8221; font_icon=&#8221;&#xf0c0;||fa||900&#8243; icon_color=&#8221;#FFFFFF&#8221; image_icon_background_color=&#8221;#389abe&#8221; image_icon_width=&#8221;40px&#8221; _builder_version=&#8221;4.17.4&#8243; _module_preset=&#8221;default&#8221; header_level=&#8221;h3&#8243; header_font=&#8221;Overlock|700|||||||&#8221; header_text_align=&#8221;center&#8221; header_text_color=&#8221;#389abe&#8221; header_font_size=&#8221;29px&#8221; body_font=&#8221;News Cycle||||||||&#8221; body_text_align=&#8221;center&#8221; body_text_color=&#8221;#57becd&#8221; body_font_size=&#8221;20px&#8221; body_line_height=&#8221;1.3em&#8221; border_radii_image=&#8221;on|50px|50px|50px|50px&#8221; border_width_all_image=&#8221;17px&#8221; border_color_all_image=&#8221;#389abe&#8221; icon_font_size=&#8221;40px&#8221; global_colors_info=&#8221;{}&#8221;][\/et_pb_blurb][\/et_pb_column][\/et_pb_row][\/et_pb_section][et_pb_section fb_built=&#8221;1&#8243; disabled_on=&#8221;off|off|off&#8221; _builder_version=&#8221;4.27.4&#8243; background_color=&#8221;rgba(0,0,0,0)&#8221; custom_padding=&#8221;29px||29px||true|false&#8221; hover_enabled=&#8221;0&#8243; global_module=&#8221;7202&#8243; saved_tabs=&#8221;all&#8221; locked=&#8221;off&#8221; global_colors_info=&#8221;{}&#8221; sticky_enabled=&#8221;0&#8243;][et_pb_row _builder_version=&#8221;4.27.4&#8243; _module_preset=&#8221;default&#8221; global_colors_info=&#8221;{}&#8221;][et_pb_column type=&#8221;4_4&#8243; _builder_version=&#8221;4.16&#8243; _module_preset=&#8221;default&#8221; global_colors_info=&#8221;{}&#8221;][et_pb_text _builder_version=&#8221;4.27.4&#8243; _module_preset=&#8221;default&#8221; header_2_font=&#8221;Overlock||||||||&#8221; header_2_text_align=&#8221;center&#8221; header_2_text_color=&#8221;#389abe&#8221; header_2_font_size=&#8221;50px&#8221; header_2_line_height=&#8221;1.3em&#8221; custom_margin=&#8221;||0px||false|false&#8221; hover_enabled=&#8221;0&#8243; global_colors_info=&#8221;{}&#8221; sticky_enabled=&#8221;0&#8243;]<\/p>\n<h2 data-start=\"4264\" data-end=\"4327\"><strong>Testimonios y opiniones de AnaKe<\/strong><\/h2>\n<h3 data-start=\"4329\" data-end=\"4341\"><\/h3>\n<p>[\/et_pb_text][\/et_pb_column][\/et_pb_row][et_pb_row _builder_version=&#8221;4.27.4&#8243; max_width=&#8221;1130px&#8221; custom_padding=&#8221;0px||||false|false&#8221; hover_enabled=&#8221;0&#8243; border_color_top=&#8221;#c0a7a8&#8243; global_colors_info=&#8221;{}&#8221; sticky_enabled=&#8221;0&#8243;][et_pb_column type=&#8221;4_4&#8243; _builder_version=&#8221;4.16&#8243; global_colors_info=&#8221;{}&#8221;][dica_divi_carousel show_items_desktop=&#8221;1&#8243; show_items_tablet=&#8221;1&#8243; loop=&#8221;on&#8221; autoplay=&#8221;on&#8221; autoplay_speed=&#8221;3000&#8243; arrow_nav=&#8221;on&#8221; item_spacing=&#8221;45&#8243; advanced_effect=&#8221;1&#8243; arrow_nav_color=&#8221;#389abe&#8221; arrow_bg_color=&#8221;rgba(0,0,0,0)&#8221; dots_color=&#8221;rgba(56,154,190,0.29)&#8221; dots_active_color=&#8221;#389abe&#8221; overlay_color_field_bgcolor=&#8221;rgba(255,255,255,0.85)&#8221; subtitle_background=&#8221;RGBA(0,0,0,0)&#8221; content_background=&#8221;RGBA(0,0,0,0)&#8221; image_sizing=&#8221;45%&#8221; arrow_position=&#8221;middle-outside&#8221; arrow_alignment=&#8221;center&#8221; innercontent_padding=&#8221;||||false|false&#8221; innercontent_padding_tablet=&#8221;|0px||0px|false|true&#8221; innercontent_padding_phone=&#8221;|0px||0px|false|true&#8221; innercontent_padding_last_edited=&#8221;on|phone&#8221; item_padding=&#8221;||||false|false&#8221; item_padding_tablet=&#8221;&#8221; item_padding_phone=&#8221;33px|0px|33px|0px|true|true&#8221; item_padding_last_edited=&#8221;on|phone&#8221; image_container_margin=&#8221;||||false|false&#8221; image_container_margin_tablet=&#8221;0px||||false|false&#8221; image_container_margin_phone=&#8221;0px||||false|false&#8221; image_container_margin_last_edited=&#8221;on|tablet&#8221; rating_container_margin=&#8221;||||false|false&#8221; arrow_position_tablet=&#8221;&#8221; arrow_position_phone=&#8221;top&#8221; arrow_position_last_edited=&#8221;on|phone&#8221; _builder_version=&#8221;4.27.4&#8243; title_font=&#8221;Cormorant|600|||||||&#8221; title_text_align=&#8221;center&#8221; title_font_size=&#8221;29px&#8221; title_letter_spacing=&#8221;0.5px&#8221; subtitle_font=&#8221;News Cycle|300||on|||||&#8221; subtitle_text_align=&#8221;center&#8221; subtitle_text_color=&#8221;#389abe&#8221; subtitle_font_size=&#8221;20px&#8221; subtitle_letter_spacing=&#8221;0.6px&#8221; body_font=&#8221;News Cycle|300|||||||&#8221; body_text_align=&#8221;center&#8221; body_text_color=&#8221;#000000&#8243; body_font_size=&#8221;22px&#8221; body_line_height=&#8221;1.5em&#8221; max_width=&#8221;600px&#8221; module_alignment=&#8221;center&#8221; custom_margin=&#8221;|0px||0px|false|true&#8221; custom_padding=&#8221;4px|||||&#8221; hover_enabled=&#8221;0&#8243; border_radii_item=&#8221;on|13px|13px|13px|13px&#8221; border_color_all_item=&#8221;#f2f2f2&#8243; border_radii_image=&#8221;on|50%|50%|50%|50%&#8221; border_width_all_image=&#8221;8px&#8221; border_color_all_image=&#8221;#ffffff&#8221; global_colors_info=&#8221;{}&#8221; innercontent_padding__hover_enabled=&#8221;off|hover&#8221; sticky_enabled=&#8221;0&#8243;][dica_divi_carouselitem title=&#8221;Ernesto P\u00e9rez Guerrero&#8221; button_url_new_window=&#8221;1&#8243; _builder_version=&#8221;4.27.4&#8243; _module_preset=&#8221;default&#8221; header_font=&#8221;Overlock||||||||&#8221; header_text_color=&#8221;#333333&#8243; subtitle_font=&#8221;News Cycle|300||on|||||&#8221; subtitle_text_color=&#8221;#389abe&#8221; subtitle_letter_spacing=&#8221;1px&#8221; body_font=&#8221;News Cycle|300|||||||&#8221; body_text_color=&#8221;#000000&#8243; hover_enabled=&#8221;0&#8243; global_colors_info=&#8221;{}&#8221; sticky_enabled=&#8221;0&#8243;]<\/p>\n<p><span style=\"font-weight: 400; color: #389abe;\">En\u00f3logo<\/span><span style=\"font-weight: 400; color: #389abe;\"><\/span><\/p>\n<p><span style=\"font-weight: 400;\">S\u00e9 que jam\u00e1s encontrar\u00e9 una profesional como ella, su humanidad, sus conocimientos, su empat\u00eda, la confianza plena que te comunica, su serenidad profesional, sus terapias sutiles, pacientes y bien estudiadas y enfocadas, su calma, su generosidad, hicieron que fuese creciendo y mejorando en mi forma de ver la vida hasta el punto que mi visi\u00f3n es otra, m\u00e1s pr\u00e1ctica, m\u00e1s real, m\u00e1s rentable, m\u00e1s libre, ella te ense\u00f1a el mecanismo para gestionar lo que cada uno llevamos dentro de una forma tan inteligente que cuando acabas las sesiones y la terapia entiendes la suerte que has tenido al encontrarla.<\/span><\/p>\n<p>[\/dica_divi_carouselitem][dica_divi_carouselitem title=&#8221;Miguel Angel Rodr\u00edguez &#8221; button_url_new_window=&#8221;1&#8243; _builder_version=&#8221;4.27.4&#8243; _module_preset=&#8221;default&#8221; header_font=&#8221;Overlock||||||||&#8221; header_text_color=&#8221;#333333&#8243; subtitle_font=&#8221;News Cycle|300||on|||||&#8221; subtitle_text_color=&#8221;#389abe&#8221; subtitle_letter_spacing=&#8221;1px&#8221; body_font=&#8221;News Cycle|300|||||||&#8221; body_text_color=&#8221;#000000&#8243; hover_enabled=&#8221;0&#8243; global_colors_info=&#8221;{}&#8221; sticky_enabled=&#8221;0&#8243;]<\/p>\n<p><span style=\"font-weight: 400; color: #389abe;\">Gerente empresa Grupo Nacimiento<\/span><span style=\"font-weight: 400; color: #389abe;\"><\/span><span style=\"font-weight: 400; color: #389abe;\"><\/span><\/p>\n<p><span style=\"font-weight: 400;\">Concha es, adem\u00e1s de una gran profesional, que te hace sentir de momento como si llevaras hablando con ella toda la vida. Realic\u00e9 un taller de Mindfulness con ella en mi empresa, y quedamos todos superencantados.\u00a0 Muy recomendable!<\/span><\/p>\n<p>[\/dica_divi_carouselitem][dica_divi_carouselitem title=&#8221;Julia Tovar M\u00e9ndez&#8221; button_url_new_window=&#8221;1&#8243; _builder_version=&#8221;4.27.4&#8243; _module_preset=&#8221;default&#8221; header_font=&#8221;Overlock||||||||&#8221; header_text_color=&#8221;#333333&#8243; subtitle_font=&#8221;News Cycle|300||on|||||&#8221; subtitle_text_color=&#8221;#389abe&#8221; subtitle_letter_spacing=&#8221;1px&#8221; body_font=&#8221;News Cycle|300|||||||&#8221; body_text_color=&#8221;#000000&#8243; hover_enabled=&#8221;0&#8243; global_colors_info=&#8221;{}&#8221; sticky_enabled=&#8221;0&#8243;]<\/p>\n<p><span style=\"font-weight: 400;\">Simplemente agradecida!! Concha es toda una profesional, adem\u00e1s de toda la cercan\u00eda que brinda.\u00a0 Fui en un momento bastante bajo y me ayud\u00f3 a ver todo de otra forma totalmente distinta. Me ayud\u00f3 a crecer, a querer\/me y a potenciar mi interior. Concha es una persona muy implicada y como ya he dicho muy profesional. No me cansar\u00e9 de recomendar Anake.<\/span><\/p>\n<p>[\/dica_divi_carouselitem][dica_divi_carouselitem title=&#8221;Beatrice Giurgiu&#8221; button_url_new_window=&#8221;1&#8243; _builder_version=&#8221;4.27.4&#8243; _module_preset=&#8221;default&#8221; header_font=&#8221;Overlock||||||||&#8221; header_text_color=&#8221;#333333&#8243; subtitle_font=&#8221;News Cycle|300||on|||||&#8221; subtitle_text_color=&#8221;#389abe&#8221; subtitle_letter_spacing=&#8221;1px&#8221; body_font=&#8221;News Cycle|300|||||||&#8221; body_text_color=&#8221;#000000&#8243; hover_enabled=&#8221;0&#8243; global_colors_info=&#8221;{}&#8221; sticky_enabled=&#8221;0&#8243;]<\/p>\n<p><span style=\"font-weight: 400;\">Anake es un sitio para crecer, para cambiar, entender o potenciar nuestras capacidades. Concha me ha acompa\u00f1ado tanto a t\u00edtulo laboral como personal en procesos de crecimiento y puedo decir que me ha ayudado a cambiar mi vida. Una profesional inigualable y un sitio donde siempre vuelvo. Gracias por tanto, Concha.<\/span><\/p>\n<p>[\/dica_divi_carouselitem][dica_divi_carouselitem title=&#8221;Mar\u00eda Sabio&#8221; button_url_new_window=&#8221;1&#8243; _builder_version=&#8221;4.27.4&#8243; _module_preset=&#8221;default&#8221; header_font=&#8221;Overlock||||||||&#8221; header_text_color=&#8221;#333333&#8243; subtitle_font=&#8221;News Cycle|300||on|||||&#8221; subtitle_text_color=&#8221;#389abe&#8221; subtitle_letter_spacing=&#8221;1px&#8221; body_font=&#8221;News Cycle|300|||||||&#8221; body_text_color=&#8221;#000000&#8243; hover_enabled=&#8221;0&#8243; global_colors_info=&#8221;{}&#8221; sticky_enabled=&#8221;0&#8243;]<\/p>\n<p><span style=\"font-weight: 400;\">Concha, creadora de Anake es una enamorada de las personas, de sus talentos.Implicada en cada proyecto,te acompa\u00f1ar\u00e1 a identificar tus fortalezas y como desarrollarlas ya sea profesionalmente, de manera individual o en equipo. Como Coach es inspiradora, cercana y autentica, estoy segura que no ha llegado a mi vida por casualidad.<\/span><\/p>\n<p>[\/dica_divi_carouselitem][dica_divi_carouselitem title=&#8221;V\u00edctor Ruiz Gonz\u00e1lez&#8221; button_url_new_window=&#8221;1&#8243; _builder_version=&#8221;4.27.4&#8243; _module_preset=&#8221;default&#8221; header_font=&#8221;Overlock||||||||&#8221; header_text_color=&#8221;#333333&#8243; subtitle_font=&#8221;News Cycle|300||on|||||&#8221; subtitle_text_color=&#8221;#389abe&#8221; subtitle_letter_spacing=&#8221;1px&#8221; body_font=&#8221;News Cycle|300|||||||&#8221; body_text_color=&#8221;#000000&#8243; hover_enabled=&#8221;0&#8243; global_colors_info=&#8221;{}&#8221; sticky_enabled=&#8221;0&#8243;]<\/p>\n<p><span style=\"font-weight: 400;\">Verdadero es una gran suerte tener en nuestra cuidad un centro como Anake. Y su creadora Concha Porras al frente del mismo.<\/span><\/p>\n<p><span style=\"font-weight: 400;\">Suscribo todas las cualidades que habeis enumerado tod@s vosotros. Totalmente recomendable para cuando nos estancamos llenos de dudas y o miedos, para superar el momento.<\/span><\/p>\n<p>[\/dica_divi_carouselitem][dica_divi_carouselitem title=&#8221;Miguel Morales&#8221; button_url_new_window=&#8221;1&#8243; _builder_version=&#8221;4.27.4&#8243; _module_preset=&#8221;default&#8221; header_font=&#8221;Overlock||||||||&#8221; header_text_color=&#8221;#333333&#8243; subtitle_font=&#8221;News Cycle|300||on|||||&#8221; subtitle_text_color=&#8221;#389abe&#8221; subtitle_letter_spacing=&#8221;1px&#8221; body_font=&#8221;News Cycle|300|||||||&#8221; body_text_color=&#8221;#000000&#8243; hover_enabled=&#8221;0&#8243; global_colors_info=&#8221;{}&#8221; sticky_enabled=&#8221;0&#8243;]<\/p>\n<p><span style=\"font-weight: 400; color: #389abe;\">Gerente Empresa de Transportes<\/span><span style=\"font-weight: 400; color: #389abe;\"><\/span><span style=\"font-weight: 400; color: #389abe;\"><\/span><\/p>\n<p><span style=\"font-weight: 400;\">Concha, es alma de Anake, ella es un referente\u00a0 en\u00a0 Granada y provincia. Su\u00a0 calidad, su sinton\u00eda con las personas, su sensibilidad hace muy practica y efectiva la \u00a0 formaci\u00f3n a empresas y particulares con sus diferentes tecnicas y dinamicas, desde el coaching, mindfulness, gesti\u00f3n de equipos, y desde una perspectiva hol\u00edstica que integra a las personas.\u00a0 Como empresario es una satisfacci\u00f3n para mi y para nuestros empleados\u00a0 siempre\u00a0 que recurrimos a ella.<\/span><\/p>\n<p><span style=\"font-weight: 400;\">Dejala que mueva tu zona de confort, te lleve a alcanzar tu m\u00e1ximo potencial y que remueva tu subconsciente.<\/span><\/p>\n<p>[\/dica_divi_carouselitem][dica_divi_carouselitem title=&#8221;M\u00aa Rosa Felipe P\u00e9rez&#8221; button_url_new_window=&#8221;1&#8243; _builder_version=&#8221;4.16&#8243; _module_preset=&#8221;default&#8221; header_font=&#8221;Overlock||||||||&#8221; header_text_color=&#8221;#333333&#8243; subtitle_font=&#8221;News Cycle|300||on|||||&#8221; subtitle_text_color=&#8221;#389abe&#8221; subtitle_letter_spacing=&#8221;1px&#8221; body_font=&#8221;News Cycle|300|||||||&#8221; body_text_color=&#8221;#000000&#8243; global_colors_info=&#8221;{}&#8221;]<\/p>\n<p><span style=\"font-weight: 400;\">Concha creadora de este proyecto ANAKE, es una excelente profesional lo digo desde el conocimiento en ese \u00e1mbito por compartir experiencias formativas y de dise\u00f1o de programas. M\u00e1s principalmente, es por la motivaci\u00f3n e implicaci\u00f3n en el trabajo, en su formaci\u00f3n permanente y\u00a0 porque en su trabajo expresa su profunda convicci\u00f3n en lo que hace porque ella misma lo ha experimentado y vivido, por eso el buen hacer surge cuando se alinea emoci\u00f3n, pensamientos y acci\u00f3n, este es su caso.<\/span><\/p>\n<p>[\/dica_divi_carouselitem][\/dica_divi_carousel][\/et_pb_column][\/et_pb_row][et_pb_row _builder_version=&#8221;4.16&#8243; _module_preset=&#8221;default&#8221; width=&#8221;90%&#8221; max_width=&#8221;100%&#8221; global_colors_info=&#8221;{}&#8221;][et_pb_column type=&#8221;4_4&#8243; _builder_version=&#8221;4.16&#8243; _module_preset=&#8221;default&#8221; global_colors_info=&#8221;{}&#8221;][dica_divi_carousel show_items_desktop=&#8221;12&#8243; show_items_tablet=&#8221;5&#8243; show_items_mobile=&#8221;3&#8243; loop=&#8221;on&#8221; autoplay=&#8221;on&#8221; item_vertical_align=&#8221;center&#8221; advanced_effect=&#8221;1&#8243; overlay_color_field_bgcolor=&#8221;rgba(255,255,255,0.85)&#8221; _builder_version=&#8221;4.17.4&#8243; _module_preset=&#8221;default&#8221; global_colors_info=&#8221;{}&#8221;][dica_divi_carouselitem button_url_new_window=&#8221;1&#8243; image=&#8221;https:\/\/www.anake.es\/wp-content\/uploads\/2022\/03\/trainingym-logo-top.png&#8221; _builder_version=&#8221;4.16&#8243; _module_preset=&#8221;default&#8221; global_colors_info=&#8221;{}&#8221;][\/dica_divi_carouselitem][dica_divi_carouselitem button_url_new_window=&#8221;1&#8243; image=&#8221;https:\/\/www.anake.es\/wp-content\/uploads\/2022\/03\/MERCAGRANADA.jpg&#8221; _builder_version=&#8221;4.16&#8243; _module_preset=&#8221;default&#8221; global_colors_info=&#8221;{}&#8221;][\/dica_divi_carouselitem][dica_divi_carouselitem button_url_new_window=&#8221;1&#8243; image=&#8221;https:\/\/www.anake.es\/wp-content\/uploads\/2022\/03\/LOGOS-4.jpeg&#8221; _builder_version=&#8221;4.16&#8243; _module_preset=&#8221;default&#8221; global_colors_info=&#8221;{}&#8221;][\/dica_divi_carouselitem][dica_divi_carouselitem button_url_new_window=&#8221;1&#8243; image=&#8221;https:\/\/www.anake.es\/wp-content\/uploads\/2022\/03\/LOGOS-3.jpeg&#8221; _builder_version=&#8221;4.16&#8243; _module_preset=&#8221;default&#8221; global_colors_info=&#8221;{}&#8221;][\/dica_divi_carouselitem][dica_divi_carouselitem button_url_new_window=&#8221;1&#8243; image=&#8221;https:\/\/www.anake.es\/wp-content\/uploads\/2022\/03\/LOGOS-2.jpeg&#8221; _builder_version=&#8221;4.16&#8243; _module_preset=&#8221;default&#8221; global_colors_info=&#8221;{}&#8221;][\/dica_divi_carouselitem][dica_divi_carouselitem button_url_new_window=&#8221;1&#8243; image=&#8221;https:\/\/www.anake.es\/wp-content\/uploads\/2022\/03\/LOGOS-1.jpeg&#8221; _builder_version=&#8221;4.16&#8243; _module_preset=&#8221;default&#8221; global_colors_info=&#8221;{}&#8221;][\/dica_divi_carouselitem][dica_divi_carouselitem button_url_new_window=&#8221;1&#8243; image=&#8221;https:\/\/www.anake.es\/wp-content\/uploads\/2022\/03\/HOSPITAL-BASICO-MOTRIL.jpg&#8221; _builder_version=&#8221;4.16&#8243; _module_preset=&#8221;default&#8221; global_colors_info=&#8221;{}&#8221;][\/dica_divi_carouselitem][dica_divi_carouselitem button_url_new_window=&#8221;1&#8243; image=&#8221;https:\/\/www.anake.es\/wp-content\/uploads\/2022\/03\/grupo-nacimiento.png&#8221; _builder_version=&#8221;4.16&#8243; _module_preset=&#8221;default&#8221; global_colors_info=&#8221;{}&#8221;][\/dica_divi_carouselitem][dica_divi_carouselitem button_url_new_window=&#8221;1&#8243; image=&#8221;https:\/\/www.anake.es\/wp-content\/uploads\/2022\/03\/ENDESA.png&#8221; _builder_version=&#8221;4.16&#8243; _module_preset=&#8221;default&#8221; global_colors_info=&#8221;{}&#8221;][\/dica_divi_carouselitem][dica_divi_carouselitem button_url_new_window=&#8221;1&#8243; image=&#8221;https:\/\/www.anake.es\/wp-content\/uploads\/2022\/03\/cocina-hogar.png&#8221; _builder_version=&#8221;4.16&#8243; _module_preset=&#8221;default&#8221; global_colors_info=&#8221;{}&#8221;][\/dica_divi_carouselitem][dica_divi_carouselitem button_url_new_window=&#8221;1&#8243; image=&#8221;https:\/\/www.anake.es\/wp-content\/uploads\/2022\/03\/CEP-MOTRIL.png&#8221; _builder_version=&#8221;4.16&#8243; _module_preset=&#8221;default&#8221; global_colors_info=&#8221;{}&#8221;][\/dica_divi_carouselitem][dica_divi_carouselitem button_url_new_window=&#8221;1&#8243; image=&#8221;https:\/\/www.anake.es\/wp-content\/uploads\/2022\/03\/CEP-GRANADA.jpg&#8221; _builder_version=&#8221;4.16&#8243; _module_preset=&#8221;default&#8221; global_colors_info=&#8221;{}&#8221;][\/dica_divi_carouselitem][dica_divi_carouselitem button_url_new_window=&#8221;1&#8243; image=&#8221;https:\/\/www.anake.es\/wp-content\/uploads\/2022\/03\/camara-comercio-motril.png&#8221; _builder_version=&#8221;4.16&#8243; _module_preset=&#8221;default&#8221; global_colors_info=&#8221;{}&#8221;][\/dica_divi_carouselitem][dica_divi_carouselitem button_url_new_window=&#8221;1&#8243; image=&#8221;https:\/\/www.anake.es\/wp-content\/uploads\/2022\/03\/cafetotal.png&#8221; _builder_version=&#8221;4.16&#8243; _module_preset=&#8221;default&#8221; global_colors_info=&#8221;{}&#8221;][\/dica_divi_carouselitem][dica_divi_carouselitem button_url_new_window=&#8221;1&#8243; image=&#8221;https:\/\/www.anake.es\/wp-content\/uploads\/2022\/03\/AYUNTAMIENTO-MOTRIL.jpg&#8221; _builder_version=&#8221;4.16&#8243; _module_preset=&#8221;default&#8221; global_colors_info=&#8221;{}&#8221;][\/dica_divi_carouselitem][dica_divi_carouselitem button_url_new_window=&#8221;1&#8243; image=&#8221;https:\/\/www.anake.es\/wp-content\/uploads\/2022\/03\/AYUNTAMIENTO-GUALCHOS-CASTELL-.jpg&#8221; _builder_version=&#8221;4.16&#8243; _module_preset=&#8221;default&#8221; global_colors_info=&#8221;{}&#8221;][\/dica_divi_carouselitem][dica_divi_carouselitem button_url_new_window=&#8221;1&#8243; image=&#8221;https:\/\/www.anake.es\/wp-content\/uploads\/2022\/03\/ALSA.png&#8221; _builder_version=&#8221;4.16&#8243; _module_preset=&#8221;default&#8221; global_colors_info=&#8221;{}&#8221;][\/dica_divi_carouselitem][\/dica_divi_carousel][\/et_pb_column][\/et_pb_row][\/et_pb_section][et_pb_section fb_built=&#8221;1&#8243; custom_padding_last_edited=&#8221;on|phone&#8221; _builder_version=&#8221;4.17.4&#8243; _module_preset=&#8221;default&#8221; background_image=&#8221;https:\/\/www.anake.es\/wp-content\/uploads\/2022\/03\/banner-trabaja-conmigo2.jpg&#8221; custom_padding=&#8221;182px||182px||true|&#8221; custom_padding_tablet=&#8221;182px||182px||true|&#8221; custom_padding_phone=&#8221;100px||100px||true|false&#8221; locked=&#8221;off&#8221; global_colors_info=&#8221;{}&#8221;][et_pb_row column_structure=&#8221;1_2,1_2&#8243; _builder_version=&#8221;4.16&#8243; _module_preset=&#8221;default&#8221; global_colors_info=&#8221;{}&#8221;][et_pb_column type=&#8221;1_2&#8243; _builder_version=&#8221;4.16&#8243; _module_preset=&#8221;default&#8221; global_colors_info=&#8221;{}&#8221;][\/et_pb_column][et_pb_column type=&#8221;1_2&#8243; _builder_version=&#8221;4.16&#8243; _module_preset=&#8221;default&#8221; global_colors_info=&#8221;{}&#8221;][et_pb_text _builder_version=&#8221;4.17.4&#8243; _module_preset=&#8221;default&#8221; header_2_font=&#8221;Overlock||||||||&#8221; header_2_text_align=&#8221;center&#8221; header_2_text_color=&#8221;#389abe&#8221; header_2_font_size=&#8221;40px&#8221; header_2_line_height=&#8221;1.3em&#8221; text_orientation=&#8221;center&#8221; custom_margin=&#8221;||0px||false|false&#8221; global_colors_info=&#8221;{}&#8221;]<\/p>\n<h2><strong>\u00bfQuieres que trabajemos juntos?<\/strong><\/h2>\n<p>[\/et_pb_text][et_pb_text _builder_version=&#8221;4.17.4&#8243; _module_preset=&#8221;default&#8221; text_font=&#8221;News Cycle||||||||&#8221; text_text_color=&#8221;#389abe&#8221; text_font_size=&#8221;22px&#8221; text_line_height=&#8221;1.3em&#8221; text_orientation=&#8221;center&#8221; global_colors_info=&#8221;{}&#8221;]<\/p>\n<p>Te acompa\u00f1o hacia donde quieras ir, tanto a nivel personal como profesional.<\/p>\n<p>[\/et_pb_text][et_pb_button button_url=&#8221;https:\/\/www.anake.es\/contacto\/&#8221; button_text=&#8221;contactar&#8221; button_alignment=&#8221;center&#8221; _builder_version=&#8221;4.16&#8243; _module_preset=&#8221;default&#8221; custom_button=&#8221;on&#8221; button_text_size=&#8221;18px&#8221; button_text_color=&#8221;#FFFFFF&#8221; button_bg_color=&#8221;#57becd&#8221; button_border_width=&#8221;0px&#8221; button_border_radius=&#8221;20px&#8221; button_letter_spacing=&#8221;1px&#8221; button_font=&#8221;News Cycle|||on|||||&#8221; button_use_icon=&#8221;off&#8221; custom_padding=&#8221;1%|5%|1%|5%|true|true&#8221; global_colors_info=&#8221;{}&#8221; button_bg_color__hover=&#8221;#b1d8db&#8221; button_bg_color__hover_enabled=&#8221;on|hover&#8221;][\/et_pb_button][\/et_pb_column][\/et_pb_row][\/et_pb_section]<\/p>\n","protected":false},"excerpt":{"rendered":"<p>Saltar al contenido principalDesarrollo personal y organizacional en la Costa Tropical de GranadaTe acompa\u00f1amos a alcanzar la armon\u00eda, el equilibrio y el prop\u00f3sito que deseas en tu vida.AnaKe es un espacio de Coaching y Mindfulness para personas y empresas en la zona de GranadaCreemos que las personas y empresas conscientes de su identidad y valores [&hellip;]<\/p>\n","protected":false},"author":1,"featured_media":0,"parent":0,"menu_order":0,"comment_status":"closed","ping_status":"closed","template":"","meta":{"_et_pb_use_builder":"on","_et_pb_old_content":"<!-- wp:divi\/placeholder \/-->","_et_gb_content_width":"","_joinchat":[],"footnotes":""},"class_list":["post-13","page","type-page","status-publish","hentry"],"yoast_head":"<!-- This site is optimized with the Yoast SEO plugin v26.2 - https:\/\/yoast.com\/wordpress\/plugins\/seo\/ -->\n<title>Inicio<\/title>\n<meta name=\"description\" content=\"Desarrollo personal y organizacional para personas y empresas en Granada. Programas de coaching, mindfulness e inteligencia emocional.\" \/>\n<meta name=\"robots\" content=\"index, follow, max-snippet:-1, max-image-preview:large, max-video-preview:-1\" \/>\n<link rel=\"canonical\" href=\"https:\/\/www.anake.es\/en\/\" \/>\n<meta property=\"og:locale\" content=\"en_US\" \/>\n<meta property=\"og:locale:alternate\" content=\"es_ES\" \/>\n<meta property=\"og:type\" content=\"article\" \/>\n<meta property=\"og:title\" content=\"Inicio\" \/>\n<meta property=\"og:description\" content=\"Desarrollo personal y organizacional para personas y empresas en Granada. Programas de coaching, mindfulness e inteligencia emocional.\" \/>\n<meta property=\"og:url\" content=\"https:\/\/www.anake.es\/en\/\" \/>\n<meta property=\"og:site_name\" content=\"Anake. Coaching, Mindfulness, Formaci\u00f3n.\" \/>\n<meta property=\"article:modified_time\" content=\"2026-02-03T17:27:16+00:00\" \/>\n<meta name=\"twitter:card\" content=\"summary_large_image\" \/>\n<meta name=\"twitter:label1\" content=\"Est. reading time\" \/>\n\t<meta name=\"twitter:data1\" content=\"11 minutes\" \/>\n<script type=\"application\/ld+json\" class=\"yoast-schema-graph\">{\"@context\":\"https:\/\/schema.org\",\"@graph\":[{\"@type\":\"WebPage\",\"@id\":\"https:\/\/www.anake.es\/\",\"url\":\"https:\/\/www.anake.es\/\",\"name\":\"Inicio\",\"isPartOf\":{\"@id\":\"https:\/\/www.anake.es\/#website\"},\"datePublished\":\"2021-08-12T10:04:05+00:00\",\"dateModified\":\"2026-02-03T17:27:16+00:00\",\"description\":\"Desarrollo personal y organizacional para personas y empresas en Granada. Programas de coaching, mindfulness e inteligencia emocional.\",\"breadcrumb\":{\"@id\":\"https:\/\/www.anake.es\/#breadcrumb\"},\"inLanguage\":\"en-US\",\"potentialAction\":[{\"@type\":\"ReadAction\",\"target\":[\"https:\/\/www.anake.es\/\"]}]},{\"@type\":\"BreadcrumbList\",\"@id\":\"https:\/\/www.anake.es\/#breadcrumb\",\"itemListElement\":[{\"@type\":\"ListItem\",\"position\":1,\"name\":\"Portada\",\"item\":\"https:\/\/www.anake.es\/\"},{\"@type\":\"ListItem\",\"position\":2,\"name\":\"Inicio\"}]},{\"@type\":\"WebSite\",\"@id\":\"https:\/\/www.anake.es\/#website\",\"url\":\"https:\/\/www.anake.es\/\",\"name\":\"Anake. Coaching, Mindfulness, Formaci\u00f3n.\",\"description\":\"Desarrollo personal y de las organizaciones. \",\"potentialAction\":[{\"@type\":\"SearchAction\",\"target\":{\"@type\":\"EntryPoint\",\"urlTemplate\":\"https:\/\/www.anake.es\/?s={search_term_string}\"},\"query-input\":{\"@type\":\"PropertyValueSpecification\",\"valueRequired\":true,\"valueName\":\"search_term_string\"}}],\"inLanguage\":\"en-US\"}]}<\/script>\n<!-- \/ Yoast SEO plugin. -->","yoast_head_json":{"title":"Inicio","description":"Desarrollo personal y organizacional para personas y empresas en Granada. Programas de coaching, mindfulness e inteligencia emocional.","robots":{"index":"index","follow":"follow","max-snippet":"max-snippet:-1","max-image-preview":"max-image-preview:large","max-video-preview":"max-video-preview:-1"},"canonical":"https:\/\/www.anake.es\/en\/","og_locale":"en_US","og_type":"article","og_title":"[:es]Inicio[:] - Anake. Coaching, Mindfulness, Formaci\u00f3n.","og_description":"Desarrollo personal y organizacional para personas y empresas en Granada. Programas de coaching, mindfulness e inteligencia emocional.","og_url":"https:\/\/www.anake.es\/en\/","og_site_name":"Anake. Coaching, Mindfulness, Formaci\u00f3n.","article_modified_time":"2026-02-03T17:27:16+00:00","twitter_card":"summary_large_image","twitter_misc":{"Est. reading time":"11 minutes"},"schema":{"@context":"https:\/\/schema.org","@graph":[{"@type":"WebPage","@id":"https:\/\/www.anake.es\/","url":"https:\/\/www.anake.es\/","name":"Inicio","isPartOf":{"@id":"https:\/\/www.anake.es\/#website"},"datePublished":"2021-08-12T10:04:05+00:00","dateModified":"2026-02-03T17:27:16+00:00","description":"Desarrollo personal y organizacional para personas y empresas en Granada. Programas de coaching, mindfulness e inteligencia emocional.","breadcrumb":{"@id":"https:\/\/www.anake.es\/#breadcrumb"},"inLanguage":"en-US","potentialAction":[{"@type":"ReadAction","target":["https:\/\/www.anake.es\/"]}]},{"@type":"BreadcrumbList","@id":"https:\/\/www.anake.es\/#breadcrumb","itemListElement":[{"@type":"ListItem","position":1,"name":"Portada","item":"https:\/\/www.anake.es\/"},{"@type":"ListItem","position":2,"name":"Inicio"}]},{"@type":"WebSite","@id":"https:\/\/www.anake.es\/#website","url":"https:\/\/www.anake.es\/","name":"Anake. Coaching, Mindfulness, Formaci\u00f3n.","description":"Desarrollo personal y de las organizaciones. ","potentialAction":[{"@type":"SearchAction","target":{"@type":"EntryPoint","urlTemplate":"https:\/\/www.anake.es\/?s={search_term_string}"},"query-input":{"@type":"PropertyValueSpecification","valueRequired":true,"valueName":"search_term_string"}}],"inLanguage":"en-US"}]}},"_links":{"self":[{"href":"https:\/\/www.anake.es\/en\/wp-json\/wp\/v2\/pages\/13","targetHints":{"allow":["GET"]}}],"collection":[{"href":"https:\/\/www.anake.es\/en\/wp-json\/wp\/v2\/pages"}],"about":[{"href":"https:\/\/www.anake.es\/en\/wp-json\/wp\/v2\/types\/page"}],"author":[{"embeddable":true,"href":"https:\/\/www.anake.es\/en\/wp-json\/wp\/v2\/users\/1"}],"replies":[{"embeddable":true,"href":"https:\/\/www.anake.es\/en\/wp-json\/wp\/v2\/comments?post=13"}],"version-history":[{"count":82,"href":"https:\/\/www.anake.es\/en\/wp-json\/wp\/v2\/pages\/13\/revisions"}],"predecessor-version":[{"id":7617,"href":"https:\/\/www.anake.es\/en\/wp-json\/wp\/v2\/pages\/13\/revisions\/7617"}],"wp:attachment":[{"href":"https:\/\/www.anake.es\/en\/wp-json\/wp\/v2\/media?parent=13"}],"curies":[{"name":"wp","href":"https:\/\/api.w.org\/{rel}","templated":true}]}}