{"id":46,"date":"2022-03-16T06:44:00","date_gmt":"2022-03-16T05:44:00","guid":{"rendered":"https:\/\/anake.bgimeno.com\/?page_id=46"},"modified":"2025-11-14T17:17:13","modified_gmt":"2025-11-14T16:17:13","slug":"sobre-mi","status":"publish","type":"page","link":"https:\/\/www.anake.es\/en\/sobre-mi\/","title":{"rendered":"Sobre m\u00ed"},"content":{"rendered":"<p>[et_pb_section fb_built=&#8221;1&#8243; custom_padding_last_edited=&#8221;on|phone&#8221; _builder_version=&#8221;4.17.4&#8243; _module_preset=&#8221;default&#8221; background_enable_image=&#8221;off&#8221; custom_padding_tablet=&#8221;&#8221; custom_padding_phone=&#8221;0px||||false|false&#8221; global_colors_info=&#8221;{}&#8221;][et_pb_row column_structure=&#8221;1_2,1_2&#8243; _builder_version=&#8221;4.16&#8243; _module_preset=&#8221;default&#8221; global_colors_info=&#8221;{}&#8221;][et_pb_column type=&#8221;1_2&#8243; _builder_version=&#8221;4.16&#8243; _module_preset=&#8221;default&#8221; global_colors_info=&#8221;{}&#8221;][et_pb_text _builder_version=&#8221;4.17.4&#8243; _module_preset=&#8221;default&#8221; text_font=&#8221;ABeeZee|700|||||||&#8221; text_text_color=&#8221;#389ABE&#8221; header_2_font=&#8221;Overlock||||||||&#8221; header_2_text_color=&#8221;#389abe&#8221; header_2_font_size=&#8221;40px&#8221; header_2_line_height=&#8221;1.3em&#8221; custom_margin=&#8221;||10px||false|false&#8221; global_colors_info=&#8221;{}&#8221;]<\/p>\n<h1 style=\"color:#389ABE;\"><strong>Hola, Soy Concha Porras<\/strong><\/h1>\n<p>[\/et_pb_text][et_pb_text _builder_version=&#8221;4.16&#8243; _module_preset=&#8221;default&#8221; text_font=&#8221;News Cycle||||||||&#8221; text_text_color=&#8221;#000000&#8243; text_font_size=&#8221;22px&#8221; text_line_height=&#8221;1.3em&#8221; global_colors_info=&#8221;{}&#8221;]<\/p>\n<p><span style=\"font-weight: 400;\">Coach personal, ejecutivo y de equipos. Facilitadora en Mindfulness e Inteligencia Emocional. Formadora y Educadora Social.<\/span><\/p>\n<p><span style=\"font-weight: 400;\">Antes de trabajar como coach, trabaj\u00e9 muchos a\u00f1os como empresaria dentro del sector inmobiliario. Esto me dio la oportunidad de relacionarme con una gran diversidad de personas y tom\u00e9 conciencia de lo que realmente quer\u00eda hacer, de cual era mi prop\u00f3sito, mi para qu\u00e9 de vida. Acompa\u00f1ar a personas y organizaciones en su desarrollo y crecimiento.<\/span><\/p>\n<p><span style=\"font-weight: 400;\">Disfruto de cada proceso de transformaci\u00f3n personal y de los equipos que entreno. Para m\u00ed es un placer acompa\u00f1arles hacia donde eligen ir, nutri\u00e9ndome y creciendo al mismo tiempo con ellos.\u00a0\u00a0<\/span><\/p>\n<p><span style=\"font-weight: 400;\">Creo en las personas, en su potencial, en el impacto que cada persona provoca en el mundo, y de c\u00f3mo somos capaces de generar cambios.<\/span><\/p>\n<p>[\/et_pb_text][et_pb_text _builder_version=&#8221;4.16&#8243; _module_preset=&#8221;default&#8221; text_font=&#8221;News Cycle||||||||&#8221; text_text_color=&#8221;#000000&#8243; text_font_size=&#8221;20px&#8221; text_line_height=&#8221;1.3em&#8221; max_width=&#8221;762px&#8221; module_alignment=&#8221;center&#8221; locked=&#8221;off&#8221; inline_fonts=&#8221;Overlock&#8221; global_colors_info=&#8221;{}&#8221;]<span style=\"font-weight: 400;\"><span style=\"color: #389abe; font-size: 40px; font-family: Overlock; font-weight: normal;\"><strong>Misi\u00f3n<\/strong><\/span>\u00a0<\/span><\/p>\n<p><span style=\"font-weight: 400;\">Facilitar a personas y a equipos los recursos y las competencias necesarias para su desarrollo y crecimiento, y llegar a la excelencia desde la autenticidad y la coherencia.<\/span>[\/et_pb_text][et_pb_text _builder_version=&#8221;4.16&#8243; _module_preset=&#8221;default&#8221; text_font=&#8221;News Cycle||||||||&#8221; text_text_color=&#8221;#000000&#8243; text_font_size=&#8221;20px&#8221; text_line_height=&#8221;1.3em&#8221; max_width=&#8221;762px&#8221; module_alignment=&#8221;center&#8221; locked=&#8221;off&#8221; inline_fonts=&#8221;Overlock&#8221; global_colors_info=&#8221;{}&#8221;]<span style=\"font-weight: 400;\"><span style=\"color: #389abe; font-size: 40px; font-family: Overlock; font-weight: normal;\"><strong>Visi\u00f3n<\/strong><\/span>\u00a0<\/span><\/p>\n<p><span style=\"font-weight: 400;\">Promover una sociedad desde la compresi\u00f3n y la cooperaci\u00f3n para ser ese cambio que queremos en el mundo.<\/span>[\/et_pb_text][et_pb_button button_url=&#8221;https:\/\/www.anake.es\/servicios&#8221; button_text=&#8221;conoce mis servicios&#8221; button_alignment=&#8221;left&#8221; _builder_version=&#8221;4.16&#8243; _module_preset=&#8221;default&#8221; custom_button=&#8221;on&#8221; button_text_size=&#8221;18px&#8221; button_text_color=&#8221;#FFFFFF&#8221; button_bg_color=&#8221;#57becd&#8221; button_border_width=&#8221;0px&#8221; button_border_radius=&#8221;20px&#8221; button_letter_spacing=&#8221;1px&#8221; button_font=&#8221;News Cycle|||on|||||&#8221; button_use_icon=&#8221;off&#8221; custom_padding=&#8221;1%|5%|1%|5%|true|true&#8221; global_colors_info=&#8221;{}&#8221; button_bg_color__hover=&#8221;#b1d8db&#8221; button_bg_color__hover_enabled=&#8221;on|hover&#8221;][\/et_pb_button][\/et_pb_column][et_pb_column type=&#8221;1_2&#8243; _builder_version=&#8221;4.16&#8243; _module_preset=&#8221;default&#8221; global_colors_info=&#8221;{}&#8221;][et_pb_image src=&#8221;https:\/\/www.anake.es\/wp-content\/uploads\/2022\/03\/concha2.jpg&#8221; title_text=&#8221;concha2&#8243; _builder_version=&#8221;4.16&#8243; _module_preset=&#8221;default&#8221; global_colors_info=&#8221;{}&#8221;][\/et_pb_image][\/et_pb_column][\/et_pb_row][\/et_pb_section][et_pb_section fb_built=&#8221;1&#8243; _builder_version=&#8221;4.17.4&#8243; _module_preset=&#8221;default&#8221; background_color=&#8221;#fcf9f5&#8243; custom_padding=&#8221;50px||50px||true|false&#8221; locked=&#8221;off&#8221; global_colors_info=&#8221;{}&#8221;][et_pb_row _builder_version=&#8221;4.16&#8243; _module_preset=&#8221;default&#8221; global_colors_info=&#8221;{}&#8221;][et_pb_column type=&#8221;4_4&#8243; _builder_version=&#8221;4.16&#8243; _module_preset=&#8221;default&#8221; global_colors_info=&#8221;{}&#8221;][et_pb_text _builder_version=&#8221;4.16&#8243; _module_preset=&#8221;default&#8221; header_2_font=&#8221;Overlock||||||||&#8221; header_2_text_align=&#8221;center&#8221; header_2_text_color=&#8221;#389abe&#8221; header_2_font_size=&#8221;50px&#8221; header_2_line_height=&#8221;1.3em&#8221; global_colors_info=&#8221;{}&#8221;]<\/p>\n<h2><strong>Mis Valores<\/strong><\/h2>\n<p>[\/et_pb_text][\/et_pb_column][\/et_pb_row][et_pb_row column_structure=&#8221;1_4,1_4,1_4,1_4&#8243; _builder_version=&#8221;4.16&#8243; _module_preset=&#8221;default&#8221; width=&#8221;90%&#8221; module_alignment=&#8221;center&#8221; custom_margin=&#8221;8px|auto|8px|auto|true|false&#8221; global_colors_info=&#8221;{}&#8221;][et_pb_column type=&#8221;1_4&#8243; _builder_version=&#8221;4.16&#8243; _module_preset=&#8221;default&#8221; global_colors_info=&#8221;{}&#8221;][et_pb_blurb title=&#8221;Confianza&#8221; use_icon=&#8221;on&#8221; font_icon=&#8221;&#xf4bd;||fa||900&#8243; icon_color=&#8221;#389abe&#8221; image_icon_width=&#8221;40px&#8221; _builder_version=&#8221;4.17.4&#8243; _module_preset=&#8221;default&#8221; header_level=&#8221;h3&#8243; header_font=&#8221;Overlock|700|||||||&#8221; header_text_align=&#8221;center&#8221; header_text_color=&#8221;#389abe&#8221; header_font_size=&#8221;29px&#8221; body_font=&#8221;News Cycle||||||||&#8221; body_text_align=&#8221;center&#8221; body_text_color=&#8221;#000000&#8243; body_font_size=&#8221;20px&#8221; body_line_height=&#8221;1.3em&#8221; icon_font_size=&#8221;40px&#8221; global_colors_info=&#8221;{}&#8221;]<\/p>\n<p><span style=\"font-weight: 400;\">En ti, en todo lo que eres. Confianza en m\u00ed, en mi sentir, en mi experiencia y en las vivencias que me han hecho crecer.<\/span><\/p>\n<p>[\/et_pb_blurb][\/et_pb_column][et_pb_column type=&#8221;1_4&#8243; _builder_version=&#8221;4.16&#8243; _module_preset=&#8221;default&#8221; global_colors_info=&#8221;{}&#8221;][et_pb_blurb title=&#8221;Compromiso&#8221; use_icon=&#8221;on&#8221; font_icon=&#8221;&#xf70b;||fa||900&#8243; icon_color=&#8221;#389abe&#8221; image_icon_width=&#8221;40px&#8221; _builder_version=&#8221;4.17.4&#8243; _module_preset=&#8221;default&#8221; header_level=&#8221;h3&#8243; header_font=&#8221;Overlock|700|||||||&#8221; header_text_align=&#8221;center&#8221; header_text_color=&#8221;#389abe&#8221; header_font_size=&#8221;29px&#8221; body_font=&#8221;News Cycle||||||||&#8221; body_text_align=&#8221;center&#8221; body_text_color=&#8221;#000000&#8243; body_font_size=&#8221;20px&#8221; body_line_height=&#8221;1.3em&#8221; icon_font_size=&#8221;40px&#8221; global_colors_info=&#8221;{}&#8221;]<\/p>\n<p><span style=\"font-weight: 400;\">Contigo, con tus proyectos, con tus sue\u00f1os. Compromiso conmigo, dando lo mejor de m\u00ed en cada proceso.<\/span><\/p>\n<p>[\/et_pb_blurb][\/et_pb_column][et_pb_column type=&#8221;1_4&#8243; _builder_version=&#8221;4.16&#8243; _module_preset=&#8221;default&#8221; global_colors_info=&#8221;{}&#8221;][et_pb_blurb title=&#8221;Autenticidad&#8221; use_icon=&#8221;on&#8221; font_icon=&#8221;&#xe0dd;||divi||400&#8243; icon_color=&#8221;#389abe&#8221; image_icon_width=&#8221;40px&#8221; _builder_version=&#8221;4.17.4&#8243; _module_preset=&#8221;default&#8221; header_level=&#8221;h3&#8243; header_font=&#8221;Overlock|700|||||||&#8221; header_text_align=&#8221;center&#8221; header_text_color=&#8221;#389abe&#8221; header_font_size=&#8221;29px&#8221; body_font=&#8221;News Cycle||||||||&#8221; body_text_align=&#8221;center&#8221; body_text_color=&#8221;#000000&#8243; body_font_size=&#8221;20px&#8221; body_line_height=&#8221;1.3em&#8221; icon_font_size=&#8221;40px&#8221; global_colors_info=&#8221;{}&#8221;]<\/p>\n<p><span style=\"font-weight: 400;\">Desde mi autenticidad, acompa\u00f1\u00e1ndote para mostrar la tuya.<\/span><\/p>\n<p>[\/et_pb_blurb][\/et_pb_column][et_pb_column type=&#8221;1_4&#8243; _builder_version=&#8221;4.16&#8243; _module_preset=&#8221;default&#8221; global_colors_info=&#8221;{}&#8221;][et_pb_blurb title=&#8221;Amor&#8221; use_icon=&#8221;on&#8221; font_icon=&#8221;&#xf004;||fa||900&#8243; icon_color=&#8221;#389abe&#8221; image_icon_width=&#8221;40px&#8221; _builder_version=&#8221;4.17.4&#8243; _module_preset=&#8221;default&#8221; header_level=&#8221;h3&#8243; header_font=&#8221;Overlock|700|||||||&#8221; header_text_align=&#8221;center&#8221; header_text_color=&#8221;#389abe&#8221; header_font_size=&#8221;29px&#8221; body_font=&#8221;News Cycle||||||||&#8221; body_text_align=&#8221;center&#8221; body_text_color=&#8221;#000000&#8243; body_font_size=&#8221;20px&#8221; body_line_height=&#8221;1.3em&#8221; icon_font_size=&#8221;40px&#8221; global_colors_info=&#8221;{}&#8221;]<\/p>\n<p><span style=\"font-weight: 400;\">Valor de valores, la base de todo; trabajando desde el cari\u00f1o y la comprensi\u00f3n.\u00a0<\/span><\/p>\n<p>[\/et_pb_blurb][\/et_pb_column][\/et_pb_row][\/et_pb_section][et_pb_section fb_built=&#8221;1&#8243; custom_padding_last_edited=&#8221;on|phone&#8221; _builder_version=&#8221;4.17.4&#8243; _module_preset=&#8221;default&#8221; background_image=&#8221;https:\/\/www.anake.es\/wp-content\/uploads\/2022\/03\/banner-trabaja-conmigo.jpg&#8221; custom_padding=&#8221;182px||182px||true|&#8221; custom_padding_tablet=&#8221;182px||182px||true|&#8221; custom_padding_phone=&#8221;20px||20px||true|false&#8221; global_colors_info=&#8221;{}&#8221;][et_pb_row column_structure=&#8221;1_2,1_2&#8243; _builder_version=&#8221;4.16&#8243; _module_preset=&#8221;default&#8221; global_colors_info=&#8221;{}&#8221;][et_pb_column type=&#8221;1_2&#8243; _builder_version=&#8221;4.16&#8243; _module_preset=&#8221;default&#8221; global_colors_info=&#8221;{}&#8221;][\/et_pb_column][et_pb_column type=&#8221;1_2&#8243; _builder_version=&#8221;4.16&#8243; _module_preset=&#8221;default&#8221; global_colors_info=&#8221;{}&#8221;][et_pb_text _builder_version=&#8221;4.16&#8243; _module_preset=&#8221;default&#8221; header_2_font=&#8221;Overlock||||||||&#8221; header_2_text_align=&#8221;center&#8221; header_2_text_color=&#8221;#389abe&#8221; header_2_font_size=&#8221;40px&#8221; header_2_line_height=&#8221;1.3em&#8221; text_orientation=&#8221;center&#8221; custom_margin=&#8221;||0px||false|false&#8221; global_colors_info=&#8221;{}&#8221;]<\/p>\n<h2><strong>\u00bfQuieres que trabajemos juntos?<\/strong><\/h2>\n<p>[\/et_pb_text][et_pb_text _builder_version=&#8221;4.16&#8243; _module_preset=&#8221;default&#8221; text_font=&#8221;News Cycle||||||||&#8221; text_text_color=&#8221;#389abe&#8221; text_font_size=&#8221;22px&#8221; text_line_height=&#8221;1.3em&#8221; text_orientation=&#8221;center&#8221; global_colors_info=&#8221;{}&#8221;]<\/p>\n<p><span>Te acompa\u00f1o hacia donde quieras ir\u00a0<\/span><\/p>\n<p>[\/et_pb_text][et_pb_button button_url=&#8221;https:\/\/www.anake.es\/contacto\/&#8221; button_text=&#8221;contactar&#8221; button_alignment=&#8221;center&#8221; _builder_version=&#8221;4.16&#8243; _module_preset=&#8221;default&#8221; custom_button=&#8221;on&#8221; button_text_size=&#8221;18px&#8221; button_text_color=&#8221;#FFFFFF&#8221; button_bg_color=&#8221;#57becd&#8221; button_border_width=&#8221;0px&#8221; button_border_radius=&#8221;20px&#8221; button_letter_spacing=&#8221;1px&#8221; button_font=&#8221;News Cycle|||on|||||&#8221; button_use_icon=&#8221;off&#8221; custom_padding=&#8221;1%|5%|1%|5%|true|true&#8221; global_colors_info=&#8221;{}&#8221; button_bg_color__hover=&#8221;#b1d8db&#8221; button_bg_color__hover_enabled=&#8221;on|hover&#8221;][\/et_pb_button][\/et_pb_column][\/et_pb_row][\/et_pb_section]<\/p>\n","protected":false},"excerpt":{"rendered":"<p>Hola, Soy Concha PorrasCoach personal, ejecutivo y de equipos. Facilitadora en Mindfulness e Inteligencia Emocional. Formadora y Educadora Social. Antes de trabajar como coach, trabaj\u00e9 muchos a\u00f1os como empresaria dentro del sector inmobiliario. Esto me dio la oportunidad de relacionarme con una gran diversidad de personas y tom\u00e9 conciencia de lo que realmente quer\u00eda hacer, [&hellip;]<\/p>\n","protected":false},"author":1,"featured_media":0,"parent":0,"menu_order":0,"comment_status":"closed","ping_status":"closed","template":"","meta":{"_et_pb_use_builder":"on","_et_pb_old_content":"","_et_gb_content_width":"","_joinchat":[],"footnotes":""},"class_list":["post-46","page","type-page","status-publish","hentry"],"yoast_head":"<!-- This site is optimized with the Yoast SEO plugin v26.2 - https:\/\/yoast.com\/wordpress\/plugins\/seo\/ -->\n<title>Sobre m\u00ed<\/title>\n<meta name=\"description\" content=\"Coaching personal y ejecutivo para potenciar tu desarrollo, liderazgo y bienestar. Descubre mis servicios y empieza tu transformaci\u00f3n.\" \/>\n<meta name=\"robots\" content=\"index, follow, max-snippet:-1, max-image-preview:large, max-video-preview:-1\" \/>\n<link rel=\"canonical\" href=\"https:\/\/www.anake.es\/en\/sobre-mi\/\" \/>\n<meta property=\"og:locale\" content=\"en_US\" \/>\n<meta property=\"og:locale:alternate\" content=\"es_ES\" \/>\n<meta property=\"og:type\" content=\"article\" \/>\n<meta property=\"og:title\" content=\"Sobre m\u00ed\" \/>\n<meta property=\"og:description\" content=\"Coaching personal y ejecutivo para potenciar tu desarrollo, liderazgo y bienestar. Descubre mis servicios y empieza tu transformaci\u00f3n.\" \/>\n<meta property=\"og:url\" content=\"https:\/\/www.anake.es\/en\/sobre-mi\/\" \/>\n<meta property=\"og:site_name\" content=\"Anake. Coaching, Mindfulness, Formaci\u00f3n.\" \/>\n<meta property=\"article:modified_time\" content=\"2025-11-14T16:17:13+00:00\" \/>\n<meta name=\"twitter:card\" content=\"summary_large_image\" \/>\n<meta name=\"twitter:label1\" content=\"Est. reading time\" \/>\n\t<meta name=\"twitter:data1\" content=\"3 minutes\" \/>\n<script type=\"application\/ld+json\" class=\"yoast-schema-graph\">{\"@context\":\"https:\/\/schema.org\",\"@graph\":[{\"@type\":\"WebPage\",\"@id\":\"https:\/\/www.anake.es\/sobre-mi\/\",\"url\":\"https:\/\/www.anake.es\/sobre-mi\/\",\"name\":\"Sobre m\u00ed\",\"isPartOf\":{\"@id\":\"https:\/\/www.anake.es\/#website\"},\"datePublished\":\"2022-03-16T05:44:00+00:00\",\"dateModified\":\"2025-11-14T16:17:13+00:00\",\"description\":\"Coaching personal y ejecutivo para potenciar tu desarrollo, liderazgo y bienestar. Descubre mis servicios y empieza tu transformaci\u00f3n.\",\"breadcrumb\":{\"@id\":\"https:\/\/www.anake.es\/sobre-mi\/#breadcrumb\"},\"inLanguage\":\"en-US\",\"potentialAction\":[{\"@type\":\"ReadAction\",\"target\":[\"https:\/\/www.anake.es\/sobre-mi\/\"]}]},{\"@type\":\"BreadcrumbList\",\"@id\":\"https:\/\/www.anake.es\/sobre-mi\/#breadcrumb\",\"itemListElement\":[{\"@type\":\"ListItem\",\"position\":1,\"name\":\"Portada\",\"item\":\"https:\/\/www.anake.es\/\"},{\"@type\":\"ListItem\",\"position\":2,\"name\":\"Sobre m\u00ed\"}]},{\"@type\":\"WebSite\",\"@id\":\"https:\/\/www.anake.es\/#website\",\"url\":\"https:\/\/www.anake.es\/\",\"name\":\"Anake. Coaching, Mindfulness, Formaci\u00f3n.\",\"description\":\"Desarrollo personal y de las organizaciones. \",\"potentialAction\":[{\"@type\":\"SearchAction\",\"target\":{\"@type\":\"EntryPoint\",\"urlTemplate\":\"https:\/\/www.anake.es\/?s={search_term_string}\"},\"query-input\":{\"@type\":\"PropertyValueSpecification\",\"valueRequired\":true,\"valueName\":\"search_term_string\"}}],\"inLanguage\":\"en-US\"}]}<\/script>\n<!-- \/ Yoast SEO plugin. -->","yoast_head_json":{"title":"Sobre m\u00ed","description":"Coaching personal y ejecutivo para potenciar tu desarrollo, liderazgo y bienestar. Descubre mis servicios y empieza tu transformaci\u00f3n.","robots":{"index":"index","follow":"follow","max-snippet":"max-snippet:-1","max-image-preview":"max-image-preview:large","max-video-preview":"max-video-preview:-1"},"canonical":"https:\/\/www.anake.es\/en\/sobre-mi\/","og_locale":"en_US","og_type":"article","og_title":"[:es]Sobre m\u00ed[:] - Anake. Coaching, Mindfulness, Formaci\u00f3n.","og_description":"Coaching personal y ejecutivo para potenciar tu desarrollo, liderazgo y bienestar. Descubre mis servicios y empieza tu transformaci\u00f3n.","og_url":"https:\/\/www.anake.es\/en\/sobre-mi\/","og_site_name":"Anake. Coaching, Mindfulness, Formaci\u00f3n.","article_modified_time":"2025-11-14T16:17:13+00:00","twitter_card":"summary_large_image","twitter_misc":{"Est. reading time":"3 minutes"},"schema":{"@context":"https:\/\/schema.org","@graph":[{"@type":"WebPage","@id":"https:\/\/www.anake.es\/sobre-mi\/","url":"https:\/\/www.anake.es\/sobre-mi\/","name":"Sobre m\u00ed","isPartOf":{"@id":"https:\/\/www.anake.es\/#website"},"datePublished":"2022-03-16T05:44:00+00:00","dateModified":"2025-11-14T16:17:13+00:00","description":"Coaching personal y ejecutivo para potenciar tu desarrollo, liderazgo y bienestar. Descubre mis servicios y empieza tu transformaci\u00f3n.","breadcrumb":{"@id":"https:\/\/www.anake.es\/sobre-mi\/#breadcrumb"},"inLanguage":"en-US","potentialAction":[{"@type":"ReadAction","target":["https:\/\/www.anake.es\/sobre-mi\/"]}]},{"@type":"BreadcrumbList","@id":"https:\/\/www.anake.es\/sobre-mi\/#breadcrumb","itemListElement":[{"@type":"ListItem","position":1,"name":"Portada","item":"https:\/\/www.anake.es\/"},{"@type":"ListItem","position":2,"name":"Sobre m\u00ed"}]},{"@type":"WebSite","@id":"https:\/\/www.anake.es\/#website","url":"https:\/\/www.anake.es\/","name":"Anake. Coaching, Mindfulness, Formaci\u00f3n.","description":"Desarrollo personal y de las organizaciones. ","potentialAction":[{"@type":"SearchAction","target":{"@type":"EntryPoint","urlTemplate":"https:\/\/www.anake.es\/?s={search_term_string}"},"query-input":{"@type":"PropertyValueSpecification","valueRequired":true,"valueName":"search_term_string"}}],"inLanguage":"en-US"}]}},"_links":{"self":[{"href":"https:\/\/www.anake.es\/en\/wp-json\/wp\/v2\/pages\/46","targetHints":{"allow":["GET"]}}],"collection":[{"href":"https:\/\/www.anake.es\/en\/wp-json\/wp\/v2\/pages"}],"about":[{"href":"https:\/\/www.anake.es\/en\/wp-json\/wp\/v2\/types\/page"}],"author":[{"embeddable":true,"href":"https:\/\/www.anake.es\/en\/wp-json\/wp\/v2\/users\/1"}],"replies":[{"embeddable":true,"href":"https:\/\/www.anake.es\/en\/wp-json\/wp\/v2\/comments?post=46"}],"version-history":[{"count":28,"href":"https:\/\/www.anake.es\/en\/wp-json\/wp\/v2\/pages\/46\/revisions"}],"predecessor-version":[{"id":7517,"href":"https:\/\/www.anake.es\/en\/wp-json\/wp\/v2\/pages\/46\/revisions\/7517"}],"wp:attachment":[{"href":"https:\/\/www.anake.es\/en\/wp-json\/wp\/v2\/media?parent=46"}],"curies":[{"name":"wp","href":"https:\/\/api.w.org\/{rel}","templated":true}]}}