{"id":82,"date":"2022-03-16T09:01:17","date_gmt":"2022-03-16T08:01:17","guid":{"rendered":"https:\/\/anake.bgimeno.com\/?page_id=82"},"modified":"2025-11-14T17:18:02","modified_gmt":"2025-11-14T16:18:02","slug":"servicios","status":"publish","type":"page","link":"https:\/\/www.anake.es\/en\/servicios\/","title":{"rendered":"Servicios"},"content":{"rendered":"<p>[et_pb_section fb_built=&#8221;1&#8243; _builder_version=&#8221;4.16&#8243; _module_preset=&#8221;default&#8221; background_color=&#8221;#fcf9f5&#8243; global_colors_info=&#8221;{}&#8221;][et_pb_row _builder_version=&#8221;4.16&#8243; _module_preset=&#8221;default&#8221; global_colors_info=&#8221;{}&#8221;][et_pb_column type=&#8221;4_4&#8243; _builder_version=&#8221;4.16&#8243; _module_preset=&#8221;default&#8221; global_colors_info=&#8221;{}&#8221;][et_pb_text _builder_version=&#8221;4.17.4&#8243; _module_preset=&#8221;default&#8221; text_font=&#8221;ABeeZee||||||||&#8221; text_text_color=&#8221;#389abe&#8221; header_2_font=&#8221;Overlock||||||||&#8221; header_2_text_color=&#8221;#389abe&#8221; header_2_font_size=&#8221;40px&#8221; header_2_line_height=&#8221;1.3em&#8221; custom_margin=&#8221;||0px||false|false&#8221; locked=&#8221;off&#8221; global_colors_info=&#8221;{}&#8221;]<\/p>\n<h1 style=\"text-align: center; color: #389abe; font-size: 50px;\"><b>SERVICIOS<\/b><\/h1>\n<p>[\/et_pb_text][dsm_icon_divider use_icon=&#8221;on&#8221; font_icon=&#8221;&#xe01c;||divi||400&#8243; icon_color=&#8221;#389abe&#8221; use_icon_font_size=&#8221;on&#8221; icon_font_size=&#8221;20px&#8221; color=&#8221;#389abe&#8221; _builder_version=&#8221;4.16&#8243; _module_preset=&#8221;default&#8221; global_colors_info=&#8221;{}&#8221;][\/dsm_icon_divider][\/et_pb_column][\/et_pb_row][et_pb_row column_structure=&#8221;3_5,2_5&#8243; _builder_version=&#8221;4.16&#8243; _module_preset=&#8221;default&#8221; global_colors_info=&#8221;{}&#8221;][et_pb_column type=&#8221;3_5&#8243; _builder_version=&#8221;4.16&#8243; _module_preset=&#8221;default&#8221; global_colors_info=&#8221;{}&#8221;][et_pb_text _builder_version=&#8221;4.17.4&#8243; _module_preset=&#8221;default&#8221; header_2_font=&#8221;Overlock||||||||&#8221; header_2_text_color=&#8221;#389abe&#8221; header_2_font_size=&#8221;40px&#8221; header_2_line_height=&#8221;1.3em&#8221; custom_margin=&#8221;||0px||false|false&#8221; locked=&#8221;off&#8221; global_colors_info=&#8221;{}&#8221;]<\/p>\n<h2><b>Coaching Personal<\/b><\/h2>\n<p>[\/et_pb_text][et_pb_text _builder_version=&#8221;4.16&#8243; _module_preset=&#8221;default&#8221; text_font=&#8221;News Cycle||||||||&#8221; text_text_color=&#8221;#000000&#8243; text_font_size=&#8221;20px&#8221; text_line_height=&#8221;1.3em&#8221; locked=&#8221;off&#8221; global_colors_info=&#8221;{}&#8221;]<\/p>\n<p><span style=\"font-weight: 400;\">\u00bfSabes qu\u00e9 bloqueos te est\u00e1n limitando en tu d\u00eda a d\u00eda que est\u00e1n evitando conseguir esa plenitud que deseas?\u00a0<\/span><\/p>\n<p><span style=\"font-weight: 400;\">En el proceso de Coaching Personal vas a tomar conciencia de aquello que te impide avanzar, conectar\u00e1s con tus valores y recursos internos potenciando la seguridad y confianza en ti; todo ello desde el aprendizaje y un compromiso contigo mismo.<\/span><\/p>\n<p><span style=\"font-weight: 400;\">En nuestras sesiones individuales de coaching, te acompa\u00f1amos en el descubrimiento y desarrollo de todo tu potencial.<\/span><\/p>\n<p><span style=\"font-weight: 400;\">Duraci\u00f3n: entre 5-8 sesiones de 60-75 minutos aprox.<\/span><\/p>\n<p><span style=\"font-weight: 400;\">Frecuencia: semanales o quincenales (dependiendo de tus circunstancias personales).<\/span><\/p>\n<p>[\/et_pb_text][et_pb_button button_url=&#8221;https:\/\/www.anake.es\/contacto\/&#8221; button_text=&#8221;cont\u00e1ctame para saber m\u00e1s&#8221; button_alignment=&#8221;left&#8221; _builder_version=&#8221;4.17.4&#8243; _module_preset=&#8221;default&#8221; custom_button=&#8221;on&#8221; button_text_size=&#8221;18px&#8221; button_text_color=&#8221;#FFFFFF&#8221; button_bg_color=&#8221;#57becd&#8221; button_border_width=&#8221;0px&#8221; button_border_radius=&#8221;20px&#8221; button_letter_spacing=&#8221;1px&#8221; button_font=&#8221;News Cycle|||on|||||&#8221; button_use_icon=&#8221;off&#8221; custom_padding=&#8221;1%|5%|1%|5%|true|true&#8221; locked=&#8221;off&#8221; global_colors_info=&#8221;{}&#8221; button_bg_color__hover=&#8221;#b1d8db&#8221; button_bg_color__hover_enabled=&#8221;on|hover&#8221;][\/et_pb_button][\/et_pb_column][et_pb_column type=&#8221;2_5&#8243; _builder_version=&#8221;4.16&#8243; _module_preset=&#8221;default&#8221; global_colors_info=&#8221;{}&#8221;][et_pb_image src=&#8221;https:\/\/www.anake.es\/wp-content\/uploads\/2022\/03\/coaching-personal.jpg&#8221; title_text=&#8221;coaching-personal&#8221; _builder_version=&#8221;4.16&#8243; _module_preset=&#8221;default&#8221; global_colors_info=&#8221;{}&#8221;][\/et_pb_image][\/et_pb_column][\/et_pb_row][et_pb_row column_structure=&#8221;2_5,3_5&#8243; _builder_version=&#8221;4.17.4&#8243; _module_preset=&#8221;default&#8221; custom_css_main_element=&#8221;display: flex;||flex-wrap: wrap;&#8221; global_colors_info=&#8221;{}&#8221;][et_pb_column type=&#8221;2_5&#8243; _builder_version=&#8221;4.17.4&#8243; _module_preset=&#8221;default&#8221; global_colors_info=&#8221;{}&#8221; custom_css_main_element_last_edited=&#8221;on|phone&#8221; custom_css_main_element_tablet=&#8221;order: 2;&#8221; custom_css_main_element_phone=&#8221;order: 2;&#8221;][et_pb_image src=&#8221;https:\/\/www.anake.es\/wp-content\/uploads\/2022\/06\/escalar.jpg&#8221; title_text=&#8221;escalar&#8221; _builder_version=&#8221;4.16&#8243; _module_preset=&#8221;default&#8221; global_colors_info=&#8221;{}&#8221;][\/et_pb_image][\/et_pb_column][et_pb_column type=&#8221;3_5&#8243; _builder_version=&#8221;4.16&#8243; _module_preset=&#8221;default&#8221; global_colors_info=&#8221;{}&#8221;][et_pb_text _builder_version=&#8221;4.16&#8243; _module_preset=&#8221;default&#8221; header_2_font=&#8221;Overlock||||||||&#8221; header_2_text_color=&#8221;#389abe&#8221; header_2_font_size=&#8221;40px&#8221; header_2_line_height=&#8221;1.3em&#8221; custom_margin=&#8221;||0px||false|false&#8221; locked=&#8221;off&#8221; global_colors_info=&#8221;{}&#8221;]<\/p>\n<h2><b>Coaching Ejecutivo<\/b><\/h2>\n<p>[\/et_pb_text][et_pb_text _builder_version=&#8221;4.16&#8243; _module_preset=&#8221;default&#8221; text_font=&#8221;News Cycle||||||||&#8221; text_text_color=&#8221;#000000&#8243; text_font_size=&#8221;20px&#8221; text_line_height=&#8221;1.3em&#8221; locked=&#8221;off&#8221; global_colors_info=&#8221;{}&#8221;]<\/p>\n<p><span style=\"font-weight: 400;\">Si quieres subir un nivel en tu excelencia profesional, el Coaching Ejecutivo es lo que necesitas.<\/span><\/p>\n<p><span style=\"font-weight: 400;\">En un proceso de Coaching Ejecutivo vas a potenciar habilidades y actitudes que mejorar\u00e1n tu capacidad profesional. Conseguir\u00e1s herramientas y estrategias para dise\u00f1ar tu plan de acci\u00f3n y alcanzar tus objetivos de forma eficiente. Afrontar\u00e1s retos motivadores desde la confianza y la seguridad para liderar tu proyecto empresarial.<\/span><\/p>\n<p><span style=\"font-weight: 400;\">El Coaching Ejecutivo va muy ligado a la capacidad de liderazgo.<\/span><\/p>\n<p><span style=\"font-weight: 400;\">Sesiones individuales de coaching ejecutivo.<\/span><\/p>\n<p><span style=\"font-weight: 400;\">Duraci\u00f3n: entre 5-8 sesiones de\u00a0 90 minutos aprox.<\/span><\/p>\n<p><span style=\"font-weight: 400;\">Frecuencia: semanales o quincenales (dependiendo de tus circunstancias personales).<\/span><\/p>\n<p>[\/et_pb_text][et_pb_button button_url=&#8221;https:\/\/www.anake.es\/contacto\/&#8221; button_text=&#8221;Agenda tu sesi\u00f3n ahora&#8221; button_alignment=&#8221;left&#8221; _builder_version=&#8221;4.17.4&#8243; _module_preset=&#8221;default&#8221; custom_button=&#8221;on&#8221; button_text_size=&#8221;18px&#8221; button_text_color=&#8221;#FFFFFF&#8221; button_bg_color=&#8221;#57becd&#8221; button_border_width=&#8221;0px&#8221; button_border_radius=&#8221;20px&#8221; button_letter_spacing=&#8221;1px&#8221; button_font=&#8221;News Cycle|||on|||||&#8221; button_use_icon=&#8221;off&#8221; custom_padding=&#8221;1%|5%|1%|5%|true|true&#8221; locked=&#8221;off&#8221; global_colors_info=&#8221;{}&#8221; button_bg_color__hover=&#8221;#b1d8db&#8221; button_bg_color__hover_enabled=&#8221;on|hover&#8221;][\/et_pb_button][\/et_pb_column][\/et_pb_row][et_pb_row column_structure=&#8221;3_5,2_5&#8243; _builder_version=&#8221;4.16&#8243; _module_preset=&#8221;default&#8221; global_colors_info=&#8221;{}&#8221;][et_pb_column type=&#8221;3_5&#8243; _builder_version=&#8221;4.16&#8243; _module_preset=&#8221;default&#8221; global_colors_info=&#8221;{}&#8221;][et_pb_text _builder_version=&#8221;4.16&#8243; _module_preset=&#8221;default&#8221; header_2_font=&#8221;Overlock||||||||&#8221; header_2_text_color=&#8221;#389abe&#8221; header_2_font_size=&#8221;40px&#8221; header_2_line_height=&#8221;1.3em&#8221; custom_margin=&#8221;||0px||false|false&#8221; locked=&#8221;off&#8221; global_colors_info=&#8221;{}&#8221;]<\/p>\n<h2><b>Coaching de Equipos<\/b><\/h2>\n<p>[\/et_pb_text][et_pb_text _builder_version=&#8221;4.16&#8243; _module_preset=&#8221;default&#8221; text_font=&#8221;News Cycle||||||||&#8221; text_text_color=&#8221;#000000&#8243; text_font_size=&#8221;20px&#8221; text_line_height=&#8221;1.3em&#8221; ul_font=&#8221;News Cycle||||||||&#8221; ul_text_color=&#8221;#000000&#8243; ul_font_size=&#8221;20px&#8221; ul_line_height=&#8221;1.5em&#8221; ol_font=&#8221;News Cycle||||||||&#8221; ol_text_color=&#8221;#000000&#8243; ol_font_size=&#8221;20px&#8221; ol_line_height=&#8221;1.3em&#8221; locked=&#8221;off&#8221; global_colors_info=&#8221;{}&#8221;]<\/p>\n<p><span style=\"font-weight: 400;\">Acompa\u00f1amos a equipos en la b\u00fasqueda de espacios donde sean conscientes de su realidad, d\u00f3nde sean capaces de reflexionar sobre c\u00f3mo se relacionan y se comunican entre ellos, sobre c\u00f3mo se organizan; acompa\u00f1amos en un proceso donde, desde una nueva perspectiva, se reconozca esa capacidad que tienen de autorregularse y autoorganizarse, optimizando sus propios recursos, buscando alternativas, planificando y concretando hacia un objetivo com\u00fan.<\/span><\/p>\n<p><span style=\"font-weight: 400;\">El Coaching de Equipos facilita a las empresas y organizaciones la creaci\u00f3n de identidad, el desarrollo de valores y de su prop\u00f3sito compartido, generar compromiso, incrementar una adecuada comunicaci\u00f3n y confianza, estar orientados al logro y a un desarrollo emocional positivo. Todo esto lleva a una mayor responsabilidad en el rendimiento y en la productividad de la empresa, aumentando la implicaci\u00f3n y satisfacci\u00f3n y dando lugar a resultados extraordinarios; todo ello desde el aprendizaje y la diversidad.<\/span><\/p>\n<p><strong>\u00bfCu\u00e1ndo trabajarlo?<\/strong><\/p>\n<ul>\n<li><span style=\"font-weight: 400;\">En momentos cr\u00edticos, donde el cambio es necesario para el avance del equipo.<\/span><\/li>\n<li><span>En situaciones de conflicto.<\/span><\/li>\n<li><span>En un estancamiento de la organizaci\u00f3n o al notarse una falta de eficacia del equipo.<\/span><\/li>\n<li>Cuando se busca la mejora continua para alcanzar la excelencia.<\/li>\n<\/ul>\n<p>[\/et_pb_text][et_pb_button button_url=&#8221;https:\/\/www.anake.es\/contacto\/&#8221; button_text=&#8221;contacta para mejorar el equipo&#8221; button_alignment=&#8221;left&#8221; _builder_version=&#8221;4.17.4&#8243; _module_preset=&#8221;default&#8221; custom_button=&#8221;on&#8221; button_text_size=&#8221;18px&#8221; button_text_color=&#8221;#FFFFFF&#8221; button_bg_color=&#8221;#57becd&#8221; button_border_width=&#8221;0px&#8221; button_border_radius=&#8221;20px&#8221; button_letter_spacing=&#8221;1px&#8221; button_font=&#8221;News Cycle|||on|||||&#8221; button_use_icon=&#8221;off&#8221; custom_padding=&#8221;1%|5%|1%|5%|true|true&#8221; locked=&#8221;off&#8221; global_colors_info=&#8221;{}&#8221; button_bg_color__hover=&#8221;#b1d8db&#8221; button_bg_color__hover_enabled=&#8221;on|hover&#8221;][\/et_pb_button][\/et_pb_column][et_pb_column type=&#8221;2_5&#8243; _builder_version=&#8221;4.16&#8243; _module_preset=&#8221;default&#8221; global_colors_info=&#8221;{}&#8221;][et_pb_image src=&#8221;https:\/\/www.anake.es\/wp-content\/uploads\/2022\/06\/equipos.jpg&#8221; title_text=&#8221;equipos&#8221; _builder_version=&#8221;4.16&#8243; _module_preset=&#8221;default&#8221; global_colors_info=&#8221;{}&#8221;][\/et_pb_image][\/et_pb_column][\/et_pb_row][\/et_pb_section][et_pb_section fb_built=&#8221;1&#8243; _builder_version=&#8221;4.16&#8243; _module_preset=&#8221;default&#8221; background_color=&#8221;#389abe&#8221; global_colors_info=&#8221;{}&#8221;][et_pb_row column_structure=&#8221;3_5,2_5&#8243; _builder_version=&#8221;4.16&#8243; _module_preset=&#8221;default&#8221; width=&#8221;90%&#8221; global_colors_info=&#8221;{}&#8221;][et_pb_column type=&#8221;3_5&#8243; _builder_version=&#8221;4.16&#8243; _module_preset=&#8221;default&#8221; global_colors_info=&#8221;{}&#8221;][et_pb_text _builder_version=&#8221;4.16&#8243; _module_preset=&#8221;default&#8221; header_2_font=&#8221;Overlock||||||||&#8221; header_2_text_color=&#8221;#FFFFFF&#8221; header_2_font_size=&#8221;40px&#8221; header_2_line_height=&#8221;1.3em&#8221; custom_margin=&#8221;||0px||false|false&#8221; custom_padding=&#8221;||4px|||&#8221; locked=&#8221;off&#8221; global_colors_info=&#8221;{}&#8221;]<\/p>\n<h2 style=\"text-align: center;\"><b>MINDFULNESS<\/b><\/h2>\n<p>[\/et_pb_text][dsm_icon_divider use_icon=&#8221;on&#8221; font_icon=&#8221;&#xf5bb;||fa||900&#8243; icon_color=&#8221;#FFFFFF&#8221; use_icon_font_size=&#8221;on&#8221; icon_font_size=&#8221;20px&#8221; color=&#8221;#FFFFFF&#8221; _builder_version=&#8221;4.16&#8243; _module_preset=&#8221;default&#8221; locked=&#8221;off&#8221; global_colors_info=&#8221;{}&#8221;][\/dsm_icon_divider][et_pb_text _builder_version=&#8221;4.17.4&#8243; _module_preset=&#8221;default&#8221; text_font=&#8221;News Cycle||||||||&#8221; text_text_color=&#8221;#FFFFFF&#8221; text_font_size=&#8221;20px&#8221; text_line_height=&#8221;1.3em&#8221; ul_font=&#8221;News Cycle||||||||&#8221; ul_text_color=&#8221;#000000&#8243; ul_font_size=&#8221;20px&#8221; ul_line_height=&#8221;1.5em&#8221; ol_font=&#8221;News Cycle||||||||&#8221; ol_text_color=&#8221;#000000&#8243; ol_font_size=&#8221;20px&#8221; ol_line_height=&#8221;1.3em&#8221; locked=&#8221;off&#8221; global_colors_info=&#8221;{}&#8221;]<\/p>\n<p style=\"text-align: center;\"><span style=\"font-weight: 400;\">\u00bfQu\u00e9 es el Mindfulness?<\/span><\/p>\n<p style=\"text-align: center;\"><span style=\"font-weight: 400;\">La atenci\u00f3n plena o Mindfulness se basa en atender a la experiencia presente con una actitud de apertura, aceptaci\u00f3n y ausencia de juicio.\u00a0<\/span><\/p>\n<p style=\"text-align: center;\"><span style=\"font-weight: 400;\">El Mindfulness aumenta la atenci\u00f3n y concentraci\u00f3n, facilita la percepci\u00f3n, comprensi\u00f3n y regulaci\u00f3n de nuestras emociones.\u00a0<\/span><\/p>\n<p style=\"text-align: center;\"><span style=\"font-weight: 400;\">Mindfulness es \u201cel aqu\u00ed y el ahora\u201d.<\/span><\/p>\n<p style=\"text-align: center;\"><span style=\"font-weight: 400;\">Practicando Mindfulness\u00a0<\/span><\/p>\n<p style=\"text-align: center;\"><span style=\"font-weight: 400;\">Talleres grupales.<\/span><\/p>\n<p style=\"text-align: center;\"><span style=\"font-weight: 400;\">Sesiones individuales.<\/span><\/p>\n<p>[\/et_pb_text][et_pb_button button_url=&#8221;https:\/\/www.anake.es\/contacto\/&#8221; button_text=&#8221;\u00bfQuieres saber m\u00e1s?&#8221; button_alignment=&#8221;center&#8221; _builder_version=&#8221;4.17.4&#8243; _module_preset=&#8221;default&#8221; custom_button=&#8221;on&#8221; button_text_size=&#8221;18px&#8221; button_text_color=&#8221;#FFFFFF&#8221; button_bg_color=&#8221;#57becd&#8221; button_border_width=&#8221;0px&#8221; button_border_radius=&#8221;20px&#8221; button_letter_spacing=&#8221;1px&#8221; button_font=&#8221;News Cycle|||on|||||&#8221; button_use_icon=&#8221;off&#8221; custom_padding=&#8221;1%|5%|1%|5%|true|true&#8221; locked=&#8221;off&#8221; global_colors_info=&#8221;{}&#8221; button_bg_color__hover=&#8221;#b1d8db&#8221; button_bg_color__hover_enabled=&#8221;on|hover&#8221;][\/et_pb_button][\/et_pb_column][et_pb_column type=&#8221;2_5&#8243; _builder_version=&#8221;4.16&#8243; _module_preset=&#8221;default&#8221; global_colors_info=&#8221;{}&#8221;][et_pb_image src=&#8221;https:\/\/www.anake.es\/wp-content\/uploads\/2022\/06\/piedraszen.jpg&#8221; title_text=&#8221;piedraszen&#8221; _builder_version=&#8221;4.16&#8243; _module_preset=&#8221;default&#8221; global_colors_info=&#8221;{}&#8221;][\/et_pb_image][\/et_pb_column][\/et_pb_row][\/et_pb_section][et_pb_section fb_built=&#8221;1&#8243; _builder_version=&#8221;4.16&#8243; _module_preset=&#8221;default&#8221; background_color=&#8221;#b1d8db&#8221; custom_padding=&#8221;115px||115px||true|&#8221; global_colors_info=&#8221;{}&#8221;][et_pb_row column_structure=&#8221;1_2,1_2&#8243; _builder_version=&#8221;4.16&#8243; _module_preset=&#8221;default&#8221; width=&#8221;90%&#8221; module_alignment=&#8221;center&#8221; global_colors_info=&#8221;{}&#8221;][et_pb_column type=&#8221;1_2&#8243; _builder_version=&#8221;4.16&#8243; _module_preset=&#8221;default&#8221; global_colors_info=&#8221;{}&#8221;][et_pb_text _builder_version=&#8221;4.16&#8243; _module_preset=&#8221;default&#8221; header_2_font=&#8221;Overlock||||||||&#8221; header_2_text_color=&#8221;#389abe&#8221; header_2_font_size=&#8221;40px&#8221; header_2_line_height=&#8221;1.3em&#8221; custom_margin=&#8221;||0px||false|false&#8221; locked=&#8221;off&#8221; global_colors_info=&#8221;{}&#8221;]<\/p>\n<h2 style=\"text-align: center;\"><b>FORMACIONES<\/b><\/h2>\n<p>[\/et_pb_text][dsm_icon_divider use_icon=&#8221;on&#8221; font_icon=&#8221;&#xf19d;||fa||900&#8243; icon_color=&#8221;#389abe&#8221; use_icon_font_size=&#8221;on&#8221; icon_font_size=&#8221;20px&#8221; color=&#8221;#389abe&#8221; _builder_version=&#8221;4.16&#8243; _module_preset=&#8221;default&#8221; locked=&#8221;off&#8221; global_colors_info=&#8221;{}&#8221;][\/dsm_icon_divider][et_pb_text _builder_version=&#8221;4.17.4&#8243; _module_preset=&#8221;default&#8221; text_font=&#8221;News Cycle||||||||&#8221; text_text_color=&#8221;#FFFFFF&#8221; text_font_size=&#8221;20px&#8221; text_line_height=&#8221;1.3em&#8221; ul_font=&#8221;News Cycle||||||||&#8221; ul_text_color=&#8221;#000000&#8243; ul_font_size=&#8221;20px&#8221; ul_line_height=&#8221;1.5em&#8221; ol_font=&#8221;News Cycle||||||||&#8221; ol_text_color=&#8221;#000000&#8243; ol_font_size=&#8221;20px&#8221; ol_line_height=&#8221;1.3em&#8221; locked=&#8221;off&#8221; global_colors_info=&#8221;{}&#8221;]<\/p>\n<p style=\"text-align: center;\"><span style=\"font-weight: 400;\">Te ofrecemos una gran diversidad de formaci\u00f3n para que tu equipo consiga esa cohesi\u00f3n y cooperaci\u00f3n que deseas ver en tu empresa; te acompa\u00f1amos en el logro de cambios y resultados.<\/span><\/p>\n<p style=\"text-align: center;\"><span style=\"font-weight: 400;\">Entrena a tu equipo en competencias y habilidades como liderazgo, comunicaci\u00f3n, gesti\u00f3n del cambio, motivaci\u00f3n, gesti\u00f3n del tiempo o inteligencia emocional, entre otras.<\/span><\/p>\n<p style=\"text-align: center;\"><span style=\"font-weight: 400;\">Dise\u00f1amos la formaci\u00f3n que necesitas para conseguir los resultados que deseas.<\/span><\/p>\n<p>[\/et_pb_text][\/et_pb_column][et_pb_column type=&#8221;1_2&#8243; _builder_version=&#8221;4.16&#8243; _module_preset=&#8221;default&#8221; global_colors_info=&#8221;{}&#8221;][et_pb_text _builder_version=&#8221;4.16&#8243; _module_preset=&#8221;default&#8221; header_2_font=&#8221;Overlock||||||||&#8221; header_2_text_color=&#8221;#389abe&#8221; header_2_font_size=&#8221;40px&#8221; header_2_line_height=&#8221;1.3em&#8221; custom_margin=&#8221;||0px||false|false&#8221; locked=&#8221;off&#8221; global_colors_info=&#8221;{}&#8221;]<\/p>\n<h2 style=\"text-align: center;\"><b>TEAM BUILDING<\/b><\/h2>\n<p>[\/et_pb_text][dsm_icon_divider use_icon=&#8221;on&#8221; font_icon=&#8221;&#xf0c0;||fa||900&#8243; icon_color=&#8221;#389abe&#8221; use_icon_font_size=&#8221;on&#8221; icon_font_size=&#8221;20px&#8221; color=&#8221;#389abe&#8221; _builder_version=&#8221;4.16&#8243; _module_preset=&#8221;default&#8221; locked=&#8221;off&#8221; global_colors_info=&#8221;{}&#8221;][\/dsm_icon_divider][et_pb_text _builder_version=&#8221;4.17.4&#8243; _module_preset=&#8221;default&#8221; text_font=&#8221;News Cycle||||||||&#8221; text_text_color=&#8221;#FFFFFF&#8221; text_font_size=&#8221;20px&#8221; text_line_height=&#8221;1.3em&#8221; ul_font=&#8221;News Cycle||||||||&#8221; ul_text_color=&#8221;#000000&#8243; ul_font_size=&#8221;20px&#8221; ul_line_height=&#8221;1.5em&#8221; ol_font=&#8221;News Cycle||||||||&#8221; ol_text_color=&#8221;#000000&#8243; ol_font_size=&#8221;20px&#8221; ol_line_height=&#8221;1.3em&#8221; locked=&#8221;off&#8221; global_colors_info=&#8221;{}&#8221;]<\/p>\n<p style=\"text-align: center;\"><span style=\"font-weight: 400;\">Construyendo equipos. Ayudamos a crear un espacio donde se generen actividades que refuerzan los valores de equipo y que contribuyen a mejorar el crecimiento personal y profesional de sus integrantes. Contribuimos en el desarrollo organizacional y en la resoluci\u00f3n de conflictos.<\/span><\/p>\n<p>[\/et_pb_text][\/et_pb_column][\/et_pb_row][\/et_pb_section][et_pb_section fb_built=&#8221;1&#8243; custom_padding_last_edited=&#8221;on|phone&#8221; _builder_version=&#8221;4.17.4&#8243; _module_preset=&#8221;default&#8221; background_image=&#8221;https:\/\/www.anake.es\/wp-content\/uploads\/2022\/03\/banner-trabaja-conmigo2.jpg&#8221; custom_padding=&#8221;182px||182px||true|&#8221; custom_padding_tablet=&#8221;182px||182px||true|&#8221; custom_padding_phone=&#8221;50px||50px||true|false&#8221; locked=&#8221;off&#8221; global_colors_info=&#8221;{}&#8221;][et_pb_row column_structure=&#8221;1_2,1_2&#8243; _builder_version=&#8221;4.16&#8243; _module_preset=&#8221;default&#8221; global_colors_info=&#8221;{}&#8221;][et_pb_column type=&#8221;1_2&#8243; _builder_version=&#8221;4.16&#8243; _module_preset=&#8221;default&#8221; global_colors_info=&#8221;{}&#8221;][\/et_pb_column][et_pb_column type=&#8221;1_2&#8243; _builder_version=&#8221;4.16&#8243; _module_preset=&#8221;default&#8221; global_colors_info=&#8221;{}&#8221;][et_pb_text _builder_version=&#8221;4.16&#8243; _module_preset=&#8221;default&#8221; header_2_font=&#8221;Overlock||||||||&#8221; header_2_text_align=&#8221;center&#8221; header_2_text_color=&#8221;#389abe&#8221; header_2_font_size=&#8221;40px&#8221; header_2_line_height=&#8221;1.3em&#8221; text_orientation=&#8221;center&#8221; custom_margin=&#8221;||0px||false|false&#8221; global_colors_info=&#8221;{}&#8221;]<\/p>\n<h2><strong>\u00bfQuieres que trabajemos juntos?<\/strong><\/h2>\n<p>[\/et_pb_text][et_pb_text _builder_version=&#8221;4.16&#8243; _module_preset=&#8221;default&#8221; text_font=&#8221;News Cycle||||||||&#8221; text_text_color=&#8221;#389abe&#8221; text_font_size=&#8221;22px&#8221; text_line_height=&#8221;1.3em&#8221; text_orientation=&#8221;center&#8221; global_colors_info=&#8221;{}&#8221;]<\/p>\n<p><span>Te acompa\u00f1o hacia donde quieras ir<\/span><\/p>\n<p>[\/et_pb_text][et_pb_button button_url=&#8221;https:\/\/www.anake.es\/contacto\/&#8221; button_text=&#8221;contactar&#8221; button_alignment=&#8221;center&#8221; _builder_version=&#8221;4.16&#8243; _module_preset=&#8221;default&#8221; custom_button=&#8221;on&#8221; button_text_size=&#8221;18px&#8221; button_text_color=&#8221;#FFFFFF&#8221; button_bg_color=&#8221;#57becd&#8221; button_border_width=&#8221;0px&#8221; button_border_radius=&#8221;20px&#8221; button_letter_spacing=&#8221;1px&#8221; button_font=&#8221;News Cycle|||on|||||&#8221; button_use_icon=&#8221;off&#8221; custom_padding=&#8221;1%|5%|1%|5%|true|true&#8221; global_colors_info=&#8221;{}&#8221; button_bg_color__hover=&#8221;#b1d8db&#8221; button_bg_color__hover_enabled=&#8221;on|hover&#8221;][\/et_pb_button][\/et_pb_column][\/et_pb_row][\/et_pb_section]<\/p>\n","protected":false},"excerpt":{"rendered":"<p>SERVICIOS<div class=\"et_pb_module dsm_icon_divider dsm_icon_divider_0\">\n\t\t\t\t\n\t\t\t\t\n\t\t\t\t\n\t\t\t\t\n\t\t\t\t\n\t\t\t\t\n\t\t\t\t<div class=\"et_pb_module_inner\">\n\t\t\t\t\t<div class=\"dsm-icon-divider-wrapper dsm-icon-divider-align-center\">\n\t\t\t\t\n\t\t\t\t\n\t\t\t\t<div class=\"dsm-icon-divider-before dsm-divider\"><\/div>\n\t\t\t\t<div class=\"dsm-icon-divider-image\"><span class=\"dsm-icon-divider-image-wrap\"><span class=\"et-pb-icon\" style=\"color: #389abe;\">&#xe01c;<\/span><\/span><\/div>\n\t\t\t\t<div class=\"dsm-icon-divider-after dsm-divider\"><\/div>\n\t\t\t<\/div>\n\t\t\t\t<\/div>\n\t\t\t<\/div>Coaching Personal\u00bfSabes qu\u00e9 bloqueos te est\u00e1n limitando en tu d\u00eda a d\u00eda que est\u00e1n evitando conseguir esa plenitud que deseas?\u00a0 En el proceso de Coaching Personal vas a tomar conciencia de aquello que te impide avanzar, conectar\u00e1s con tus valores y recursos internos potenciando la seguridad [&hellip;]<\/p>\n","protected":false},"author":1,"featured_media":0,"parent":0,"menu_order":0,"comment_status":"closed","ping_status":"closed","template":"","meta":{"_et_pb_use_builder":"on","_et_pb_old_content":"","_et_gb_content_width":"","_joinchat":[],"footnotes":""},"class_list":["post-82","page","type-page","status-publish","hentry"],"yoast_head":"<!-- This site is optimized with the Yoast SEO plugin v26.2 - https:\/\/yoast.com\/wordpress\/plugins\/seo\/ -->\n<title>Servicios de Coaching Personal, Ejecutivo y de Equipos<\/title>\n<meta name=\"description\" content=\"Servicios de coaching personal, ejecutivo y de equipos para mejorar liderazgo, productividad, bienestar y desarrollo profesional.\" \/>\n<meta name=\"robots\" content=\"index, follow, max-snippet:-1, max-image-preview:large, max-video-preview:-1\" \/>\n<link rel=\"canonical\" href=\"https:\/\/www.anake.es\/en\/servicios\/\" \/>\n<meta property=\"og:locale\" content=\"en_US\" \/>\n<meta property=\"og:locale:alternate\" content=\"es_ES\" \/>\n<meta property=\"og:type\" content=\"article\" \/>\n<meta property=\"og:title\" content=\"Servicios de Coaching Personal, Ejecutivo y de Equipos\" \/>\n<meta property=\"og:description\" content=\"Servicios de coaching personal, ejecutivo y de equipos para mejorar liderazgo, productividad, bienestar y desarrollo profesional.\" \/>\n<meta property=\"og:url\" content=\"https:\/\/www.anake.es\/en\/servicios\/\" \/>\n<meta property=\"og:site_name\" content=\"Anake. Coaching, Mindfulness, Formaci\u00f3n.\" \/>\n<meta property=\"article:modified_time\" content=\"2025-11-14T16:18:02+00:00\" \/>\n<meta name=\"twitter:card\" content=\"summary_large_image\" \/>\n<meta name=\"twitter:label1\" content=\"Est. reading time\" \/>\n\t<meta name=\"twitter:data1\" content=\"5 minutes\" \/>\n<script type=\"application\/ld+json\" class=\"yoast-schema-graph\">{\"@context\":\"https:\/\/schema.org\",\"@graph\":[{\"@type\":\"WebPage\",\"@id\":\"https:\/\/www.anake.es\/servicios\/\",\"url\":\"https:\/\/www.anake.es\/servicios\/\",\"name\":\"Servicios de Coaching Personal, Ejecutivo y de Equipos\",\"isPartOf\":{\"@id\":\"https:\/\/www.anake.es\/#website\"},\"datePublished\":\"2022-03-16T08:01:17+00:00\",\"dateModified\":\"2025-11-14T16:18:02+00:00\",\"description\":\"Servicios de coaching personal, ejecutivo y de equipos para mejorar liderazgo, productividad, bienestar y desarrollo profesional.\",\"breadcrumb\":{\"@id\":\"https:\/\/www.anake.es\/servicios\/#breadcrumb\"},\"inLanguage\":\"en-US\",\"potentialAction\":[{\"@type\":\"ReadAction\",\"target\":[\"https:\/\/www.anake.es\/servicios\/\"]}]},{\"@type\":\"BreadcrumbList\",\"@id\":\"https:\/\/www.anake.es\/servicios\/#breadcrumb\",\"itemListElement\":[{\"@type\":\"ListItem\",\"position\":1,\"name\":\"Portada\",\"item\":\"https:\/\/www.anake.es\/\"},{\"@type\":\"ListItem\",\"position\":2,\"name\":\"Servicios\"}]},{\"@type\":\"WebSite\",\"@id\":\"https:\/\/www.anake.es\/#website\",\"url\":\"https:\/\/www.anake.es\/\",\"name\":\"Anake. Coaching, Mindfulness, Formaci\u00f3n.\",\"description\":\"Desarrollo personal y de las organizaciones. \",\"potentialAction\":[{\"@type\":\"SearchAction\",\"target\":{\"@type\":\"EntryPoint\",\"urlTemplate\":\"https:\/\/www.anake.es\/?s={search_term_string}\"},\"query-input\":{\"@type\":\"PropertyValueSpecification\",\"valueRequired\":true,\"valueName\":\"search_term_string\"}}],\"inLanguage\":\"en-US\"}]}<\/script>\n<!-- \/ Yoast SEO plugin. -->","yoast_head_json":{"title":"Servicios de Coaching Personal, Ejecutivo y de Equipos","description":"Servicios de coaching personal, ejecutivo y de equipos para mejorar liderazgo, productividad, bienestar y desarrollo profesional.","robots":{"index":"index","follow":"follow","max-snippet":"max-snippet:-1","max-image-preview":"max-image-preview:large","max-video-preview":"max-video-preview:-1"},"canonical":"https:\/\/www.anake.es\/en\/servicios\/","og_locale":"en_US","og_type":"article","og_title":"Servicios de Coaching Personal, Ejecutivo y de Equipos","og_description":"Servicios de coaching personal, ejecutivo y de equipos para mejorar liderazgo, productividad, bienestar y desarrollo profesional.","og_url":"https:\/\/www.anake.es\/en\/servicios\/","og_site_name":"Anake. Coaching, Mindfulness, Formaci\u00f3n.","article_modified_time":"2025-11-14T16:18:02+00:00","twitter_card":"summary_large_image","twitter_misc":{"Est. reading time":"5 minutes"},"schema":{"@context":"https:\/\/schema.org","@graph":[{"@type":"WebPage","@id":"https:\/\/www.anake.es\/servicios\/","url":"https:\/\/www.anake.es\/servicios\/","name":"Servicios de Coaching Personal, Ejecutivo y de Equipos","isPartOf":{"@id":"https:\/\/www.anake.es\/#website"},"datePublished":"2022-03-16T08:01:17+00:00","dateModified":"2025-11-14T16:18:02+00:00","description":"Servicios de coaching personal, ejecutivo y de equipos para mejorar liderazgo, productividad, bienestar y desarrollo profesional.","breadcrumb":{"@id":"https:\/\/www.anake.es\/servicios\/#breadcrumb"},"inLanguage":"en-US","potentialAction":[{"@type":"ReadAction","target":["https:\/\/www.anake.es\/servicios\/"]}]},{"@type":"BreadcrumbList","@id":"https:\/\/www.anake.es\/servicios\/#breadcrumb","itemListElement":[{"@type":"ListItem","position":1,"name":"Portada","item":"https:\/\/www.anake.es\/"},{"@type":"ListItem","position":2,"name":"Servicios"}]},{"@type":"WebSite","@id":"https:\/\/www.anake.es\/#website","url":"https:\/\/www.anake.es\/","name":"Anake. Coaching, Mindfulness, Formaci\u00f3n.","description":"Desarrollo personal y de las organizaciones. ","potentialAction":[{"@type":"SearchAction","target":{"@type":"EntryPoint","urlTemplate":"https:\/\/www.anake.es\/?s={search_term_string}"},"query-input":{"@type":"PropertyValueSpecification","valueRequired":true,"valueName":"search_term_string"}}],"inLanguage":"en-US"}]}},"_links":{"self":[{"href":"https:\/\/www.anake.es\/en\/wp-json\/wp\/v2\/pages\/82","targetHints":{"allow":["GET"]}}],"collection":[{"href":"https:\/\/www.anake.es\/en\/wp-json\/wp\/v2\/pages"}],"about":[{"href":"https:\/\/www.anake.es\/en\/wp-json\/wp\/v2\/types\/page"}],"author":[{"embeddable":true,"href":"https:\/\/www.anake.es\/en\/wp-json\/wp\/v2\/users\/1"}],"replies":[{"embeddable":true,"href":"https:\/\/www.anake.es\/en\/wp-json\/wp\/v2\/comments?post=82"}],"version-history":[{"count":22,"href":"https:\/\/www.anake.es\/en\/wp-json\/wp\/v2\/pages\/82\/revisions"}],"predecessor-version":[{"id":7519,"href":"https:\/\/www.anake.es\/en\/wp-json\/wp\/v2\/pages\/82\/revisions\/7519"}],"wp:attachment":[{"href":"https:\/\/www.anake.es\/en\/wp-json\/wp\/v2\/media?parent=82"}],"curies":[{"name":"wp","href":"https:\/\/api.w.org\/{rel}","templated":true}]}}